{"id":292,"date":"2026-01-30T10:15:19","date_gmt":"2026-01-30T09:15:19","guid":{"rendered":"https:\/\/avenirs-esr.fr\/cofolio\/?page_id=292"},"modified":"2026-03-18T08:34:47","modified_gmt":"2026-03-18T07:34:47","slug":"developpement-deploiement-et-perennite-de-cofolio","status":"publish","type":"page","link":"https:\/\/avenirs-esr.fr\/cofolio\/developpement-deploiement-et-perennite-de-cofolio\/","title":{"rendered":"D\u00e9veloppement, d\u00e9ploiement et p\u00e9rennit\u00e9 de CoFolio"},"content":{"rendered":"<p>[et_pb_section fb_built=\u00a0\u00bb1&Prime; _builder_version=\u00a0\u00bb4.27.5&Prime; _module_preset=\u00a0\u00bbdefault\u00a0\u00bb background_color=\u00a0\u00bb#005fa8&Prime; custom_margin=\u00a0\u00bb0px||||false|false\u00a0\u00bb custom_padding=\u00a0\u00bb||||false|false\u00a0\u00bb da_disable_devices=\u00a0\u00bboff|off|off\u00a0\u00bb global_colors_info=\u00a0\u00bb{}\u00a0\u00bb da_is_popup=\u00a0\u00bboff\u00a0\u00bb da_exit_intent=\u00a0\u00bboff\u00a0\u00bb da_has_close=\u00a0\u00bbon\u00a0\u00bb da_alt_close=\u00a0\u00bboff\u00a0\u00bb da_dark_close=\u00a0\u00bboff\u00a0\u00bb da_not_modal=\u00a0\u00bbon\u00a0\u00bb da_is_singular=\u00a0\u00bboff\u00a0\u00bb da_with_loader=\u00a0\u00bboff\u00a0\u00bb da_has_shadow=\u00a0\u00bbon\u00a0\u00bb][et_pb_row _builder_version=\u00a0\u00bb4.27.5&Prime; _module_preset=\u00a0\u00bbdefault\u00a0\u00bb max_width=\u00a0\u00bb1400px\u00a0\u00bb custom_padding=\u00a0\u00bb16px|||||\u00a0\u00bb global_colors_info=\u00a0\u00bb{}\u00a0\u00bb][et_pb_column type=\u00a0\u00bb4_4&Prime; _builder_version=\u00a0\u00bb4.27.5&Prime; _module_preset=\u00a0\u00bbdefault\u00a0\u00bb global_colors_info=\u00a0\u00bb{}\u00a0\u00bb][et_pb_text _builder_version=\u00a0\u00bb4.27.5&Prime; _module_preset=\u00a0\u00bbdefault\u00a0\u00bb text_font=\u00a0\u00bb||||||||\u00a0\u00bb text_text_color=\u00a0\u00bb#FFFFFF\u00a0\u00bb text_font_size=\u00a0\u00bb19px\u00a0\u00bb header_font=\u00a0\u00bb|300|||||||\u00a0\u00bb header_text_color=\u00a0\u00bb#FFFFFF\u00a0\u00bb header_font_size=\u00a0\u00bb27px\u00a0\u00bb header_2_font_size=\u00a0\u00bb30px\u00a0\u00bb background_layout=\u00a0\u00bbdark\u00a0\u00bb global_colors_info=\u00a0\u00bb{}\u00a0\u00bb]<\/p>\n<h2 style=\"text-align: left;\"><strong>D\u00e9veloppement et d\u00e9ploiement de CoFolio<\/strong><\/h2>\n<p>[\/et_pb_text][\/et_pb_column][\/et_pb_row][et_pb_row column_structure=\u00a0\u00bb1_2,1_2&Prime; _builder_version=\u00a0\u00bb4.27.5&Prime; _module_preset=\u00a0\u00bbdefault\u00a0\u00bb max_width=\u00a0\u00bb1400px\u00a0\u00bb global_colors_info=\u00a0\u00bb{}\u00a0\u00bb][et_pb_column type=\u00a0\u00bb1_2&Prime; _builder_version=\u00a0\u00bb4.27.5&Prime; _module_preset=\u00a0\u00bbdefault\u00a0\u00bb global_colors_info=\u00a0\u00bb{}\u00a0\u00bb][et_pb_text _builder_version=\u00a0\u00bb4.27.5&Prime; _module_preset=\u00a0\u00bbdefault\u00a0\u00bb text_font=\u00a0\u00bb||||||||\u00a0\u00bb text_text_color=\u00a0\u00bb#FFFFFF\u00a0\u00bb header_text_color=\u00a0\u00bb#FFFFFF\u00a0\u00bb header_2_line_height=\u00a0\u00bb1.2em\u00a0\u00bb header_3_line_height=\u00a0\u00bb1.6em\u00a0\u00bb background_layout=\u00a0\u00bbdark\u00a0\u00bb custom_margin=\u00a0\u00bb||19px|||\u00a0\u00bb global_colors_info=\u00a0\u00bb{}\u00a0\u00bb]<\/p>\n<h3 style=\"text-align: left;\">Le d\u00e9veloppement de CoFolio et les diff\u00e9rentes phases de son d\u00e9ploiement progressif au sein d&rsquo;une plateforme h\u00e9berg\u00e9e : des versions pilotes \u00e0 p\u00e9rim\u00e8tre restreint aux versions compl\u00e8tes pour la grande \u00e9chelle d&rsquo;utilisateurs.<\/h3>\n<p>[\/et_pb_text][\/et_pb_column][et_pb_column type=\u00a0\u00bb1_2&Prime; _builder_version=\u00a0\u00bb4.27.5&Prime; _module_preset=\u00a0\u00bbdefault\u00a0\u00bb global_colors_info=\u00a0\u00bb{}\u00a0\u00bb][et_pb_image src=\u00a0\u00bbhttps:\/\/avenirs-esr.fr\/cofolio\/wp-content\/uploads\/sites\/5\/2026\/02\/dev-cofolio.png\u00a0\u00bb title_text=\u00a0\u00bbdev-cofolio\u00a0\u00bb _builder_version=\u00a0\u00bb4.27.5&Prime; _module_preset=\u00a0\u00bbdefault\u00a0\u00bb max_height=\u00a0\u00bb1000px\u00a0\u00bb custom_margin=\u00a0\u00bb||-100px||false|false\u00a0\u00bb custom_padding=\u00a0\u00bb||0px||false|false\u00a0\u00bb border_radii=\u00a0\u00bbon|10px|10px|10px|10px\u00a0\u00bb global_colors_info=\u00a0\u00bb{}\u00a0\u00bb][\/et_pb_image][\/et_pb_column][\/et_pb_row][\/et_pb_section][et_pb_section fb_built=\u00a0\u00bb1&Prime; _builder_version=\u00a0\u00bb4.27.5&Prime; _module_preset=\u00a0\u00bbdefault\u00a0\u00bb da_disable_devices=\u00a0\u00bboff|off|off\u00a0\u00bb global_colors_info=\u00a0\u00bb{}\u00a0\u00bb da_is_popup=\u00a0\u00bboff\u00a0\u00bb da_exit_intent=\u00a0\u00bboff\u00a0\u00bb da_has_close=\u00a0\u00bbon\u00a0\u00bb da_alt_close=\u00a0\u00bboff\u00a0\u00bb da_dark_close=\u00a0\u00bboff\u00a0\u00bb da_not_modal=\u00a0\u00bbon\u00a0\u00bb da_is_singular=\u00a0\u00bboff\u00a0\u00bb da_with_loader=\u00a0\u00bboff\u00a0\u00bb da_has_shadow=\u00a0\u00bbon\u00a0\u00bb][et_pb_row column_structure=\u00a0\u00bb1_2,1_2&Prime; _builder_version=\u00a0\u00bb4.27.5&Prime; _module_preset=\u00a0\u00bbdefault\u00a0\u00bb max_width=\u00a0\u00bb1400px\u00a0\u00bb global_colors_info=\u00a0\u00bb{}\u00a0\u00bb][et_pb_column type=\u00a0\u00bb1_2&Prime; _builder_version=\u00a0\u00bb4.27.5&Prime; _module_preset=\u00a0\u00bbdefault\u00a0\u00bb global_colors_info=\u00a0\u00bb{}\u00a0\u00bb][et_pb_text _builder_version=\u00a0\u00bb4.27.5&Prime; _module_preset=\u00a0\u00bbdefault\u00a0\u00bb text_font=\u00a0\u00bb|700|||||||\u00a0\u00bb header_font=\u00a0\u00bb|700|||||||\u00a0\u00bb custom_margin=\u00a0\u00bb15px||||false|false\u00a0\u00bb global_colors_info=\u00a0\u00bb{}\u00a0\u00bb]<\/p>\n<h1>Suivre le d\u00e9veloppement informatique<\/h1>\n<p>[\/et_pb_text][et_pb_toggle title=\u00a0\u00bbUne solution d\u00e9velopp\u00e9e par le volet ESR AVENIR(s) et par la communaut\u00e9 ESR Esup-portail \u00a0\u00bb open_toggle_text_color=\u00a0\u00bb#000000&Prime; open_toggle_background_color=\u00a0\u00bb#FFFFFF\u00a0\u00bb closed_toggle_background_color=\u00a0\u00bb#FFFFFF\u00a0\u00bb icon_color=\u00a0\u00bb#425db5&Prime; _builder_version=\u00a0\u00bb4.27.5&Prime; _module_preset=\u00a0\u00bbdefault\u00a0\u00bb title_text_color=\u00a0\u00bb#000000&Prime; title_font=\u00a0\u00bb|600|||||||\u00a0\u00bb title_font_size=\u00a0\u00bb20px\u00a0\u00bb title_line_height=\u00a0\u00bb1.4em\u00a0\u00bb background_color=\u00a0\u00bbrgba(128,112,229,0.12)\u00a0\u00bb custom_padding=\u00a0\u00bb36px||36px|||\u00a0\u00bb border_radii=\u00a0\u00bbon|6px|6px|6px|6px\u00a0\u00bb border_width_all=\u00a0\u00bb2px\u00a0\u00bb border_color_all=\u00a0\u00bb#4145ba\u00a0\u00bb global_colors_info=\u00a0\u00bb{}\u00a0\u00bb]<\/p>\n<p><a href=\"https:\/\/avenirs-esr.fr\/cofolio\/wp-content\/uploads\/sites\/5\/2026\/02\/logo-esupportail_1.png\"><\/a>CoFolio est d\u00e9velopp\u00e9 par le volet ESR du programme AVENIR(s) France 2030.<\/p>\n<p>Ce volet est pilot\u00e9 par l&rsquo;Universit\u00e9 Savoie Mont Blanc qui s&rsquo;appuie tout d&rsquo;abord sur la participation des partenaires du consortium AVENIR(s) :<\/p>\n<ul>\n<li>L&rsquo;Universit\u00e9 de Lille<\/li>\n<li>Aix-Marseille Universit\u00e9<\/li>\n<li>L&rsquo;Universit\u00e9 de Bretagne Occidentale<\/li>\n<li>La fondation partenariale Polytech (qui embarque le r\u00e9seau national de ses \u00e9coles d&rsquo;ing\u00e9nieurs)<\/li>\n<li>L&rsquo;association Esup-Portail<\/li>\n<\/ul>\n<p><a href=\"https:\/\/avenirs-esr.fr\/cofolio\/wp-content\/uploads\/sites\/5\/2026\/02\/consortium-avenirs.jpg\"><img loading=\"lazy\" decoding=\"async\" src=\"https:\/\/avenirs-esr.fr\/cofolio\/wp-content\/uploads\/sites\/5\/2026\/02\/consortium-avenirs.jpg\" width=\"955\" height=\"96\" alt=\"logo des \u00e9tablissements list\u00e9s ci-dessus\" class=\"wp-image-1019 aligncenter size-full\" srcset=\"https:\/\/avenirs-esr.fr\/cofolio\/wp-content\/uploads\/sites\/5\/2026\/02\/consortium-avenirs.jpg 955w, https:\/\/avenirs-esr.fr\/cofolio\/wp-content\/uploads\/sites\/5\/2026\/02\/consortium-avenirs-480x48.jpg 480w\" sizes=\"(min-width: 0px) and (max-width: 480px) 480px, (min-width: 481px) 955px, 100vw\" \/><\/a><\/p>\n<p>Le d\u00e9veloppement informatique est confi\u00e9 au partenaire Esup-portail est une association qui f\u00e9d\u00e8re les \u00e9tablissements de l&rsquo;enseignement sup\u00e9rieur et de la recherche autour du d\u00e9veloppement de services num\u00e9riques mutualis\u00e9s et open source. Sa mission repose sur trois piliers : favoriser la transversalit\u00e9 entre disciplines et m\u00e9tiers, mutualiser les d\u00e9veloppements entre universit\u00e9s pour partager les co\u00fbts et les avanc\u00e9es technologiques, et anticiper les \u00e9volutions du num\u00e9rique au service de la communaut\u00e9 ESR.<\/p>\n<p>&nbsp;<\/p>\n<p>[\/et_pb_toggle][et_pb_toggle title=\u00a0\u00bbSuivre le d\u00e9veloppement sur l&rsquo;espace GitHub AVENIR-ESR\u00a0\u00bb open_toggle_text_color=\u00a0\u00bb#000000&Prime; icon_color=\u00a0\u00bb#2d3073&Prime; _builder_version=\u00a0\u00bb4.27.5&Prime; _module_preset=\u00a0\u00bbdefault\u00a0\u00bb title_text_color=\u00a0\u00bb#000000&Prime; title_font=\u00a0\u00bb|600|||||||\u00a0\u00bb title_font_size=\u00a0\u00bb20px\u00a0\u00bb title_line_height=\u00a0\u00bb1.4em\u00a0\u00bb background_color=\u00a0\u00bbrgba(111,142,226,0.12)\u00a0\u00bb custom_padding=\u00a0\u00bb36px||36px|||\u00a0\u00bb border_radii=\u00a0\u00bbon|6px|6px|6px|6px\u00a0\u00bb border_width_all=\u00a0\u00bb2px\u00a0\u00bb border_color_all=\u00a0\u00bb#2d3073&Prime; global_colors_info=\u00a0\u00bb{}\u00a0\u00bb]<\/p>\n<p class=\"font-claude-response-body break-words whitespace-normal leading-[1.7]\">CoFolio est une solution open source co-con\u00e7ue avec de nombreux acteurs de l&rsquo;enseignement sup\u00e9rieur, de l&rsquo;enseignement scolaire, de p\u00f4les de formation d&rsquo;autres minist\u00e8res, ainsi que des entreprises et collectivit\u00e9s. Dans cet esprit de construction collective, nous nous engageons \u00e0 communiquer avec la plus grande transparence sur les avanc\u00e9es du projet, via ce site et via GitHub : suivi des user stories, r\u00e8gles de gestion, documentation d\u00e9veloppeur.<\/p>\n<ul>\n<li>Consulter la <a href=\"https:\/\/github.com\/avenirs-esr\/AVENIRS-Project\">gestion du projet de d\u00e9veloppement<\/a> (r\u00e8gles, user stories, etc)<\/li>\n<li>Consulter la <a href=\"https:\/\/avenirs-esr.github.io\/dev-doc\/\">documentation d\u00e9veloppeur sur GitHub<\/a><\/li>\n<\/ul>\n<p>Par ailleurs, des documentations \u00e0 destination des utilisateurs seront \u00e9galement publi\u00e9es progressivement sur le site de CoFolio, lors des livraisons des diff\u00e9rentes versions.<\/p>\n<p>[\/et_pb_toggle][\/et_pb_column][et_pb_column type=\u00a0\u00bb1_2&Prime; _builder_version=\u00a0\u00bb4.27.5&Prime; _module_preset=\u00a0\u00bbdefault\u00a0\u00bb global_colors_info=\u00a0\u00bb{}\u00a0\u00bb][et_pb_text _builder_version=\u00a0\u00bb4.27.5&Prime; _module_preset=\u00a0\u00bbdefault\u00a0\u00bb text_font=\u00a0\u00bb|700|||||||\u00a0\u00bb header_font=\u00a0\u00bb|700|||||||\u00a0\u00bb custom_margin=\u00a0\u00bb15px||||false|false\u00a0\u00bb global_colors_info=\u00a0\u00bb{}\u00a0\u00bb]<\/p>\n<h1>H\u00e9bergement de la plateforme CoFolio<\/h1>\n<p>[\/et_pb_text][et_pb_toggle title=\u00a0\u00bbH\u00e9bergement au sein de l&rsquo;infrastructure du GIP FUN\u00a0\u00bb open_toggle_text_color=\u00a0\u00bb#000000&Prime; open_toggle_background_color=\u00a0\u00bb#ffeaeb\u00a0\u00bb closed_toggle_background_color=\u00a0\u00bb#ffeaeb\u00a0\u00bb icon_color=\u00a0\u00bb#E02B20&Prime; _builder_version=\u00a0\u00bb4.27.5&Prime; _module_preset=\u00a0\u00bbdefault\u00a0\u00bb title_text_color=\u00a0\u00bb#000000&Prime; title_font=\u00a0\u00bb|600|||||||\u00a0\u00bb title_font_size=\u00a0\u00bb20px\u00a0\u00bb title_line_height=\u00a0\u00bb1.4em\u00a0\u00bb background_color=\u00a0\u00bbrgba(111,142,226,0.12)\u00a0\u00bb custom_padding=\u00a0\u00bb36px||36px|||\u00a0\u00bb border_radii=\u00a0\u00bbon|6px|6px|6px|6px\u00a0\u00bb border_width_all=\u00a0\u00bb2px\u00a0\u00bb border_color_all=\u00a0\u00bb#f44b6a\u00a0\u00bb global_colors_info=\u00a0\u00bb{}\u00a0\u00bb]<\/p>\n<p class=\"font-claude-response-body break-words whitespace-normal leading-[1.7]\"><a href=\"https:\/\/avenirs-esr.fr\/cofolio\/wp-content\/uploads\/sites\/5\/2026\/02\/Logo-FUN-France_Universite_Numerique-vector.svg.png\"><img loading=\"lazy\" decoding=\"async\" src=\"https:\/\/avenirs-esr.fr\/cofolio\/wp-content\/uploads\/sites\/5\/2026\/02\/Logo-FUN-France_Universite_Numerique-vector.svg-300x180.png\" width=\"300\" height=\"180\" alt=\"logo FUN\" class=\"wp-image-976 alignright size-medium\" \/><\/a>Nous avons fait le choix pour notre plateforme CoFolio d&rsquo;un h\u00e9bergement au sein de l&rsquo;infrastructure de France Universit\u00e9 Num\u00e9rique. FUN f\u00e9d\u00e8re un r\u00e9seau d&rsquo;universit\u00e9s, d&rsquo;\u00e9coles, d&rsquo;instituts de recherche, d&rsquo;agences gouvernementales, d&rsquo;entreprises edtech et de contributeurs qui se consacrent \u00e0 la construction de services num\u00e9riques souverains pour l&rsquo;\u00e9ducation.<\/p>\n<p class=\"font-claude-response-body break-words whitespace-normal leading-[1.7]\">Ce choix s&rsquo;inscrit pleinement dans les exigences de souverainet\u00e9 num\u00e9rique port\u00e9es par le programme France 2030 : les donn\u00e9es des apprenants sont h\u00e9berg\u00e9es sur des infrastructures fran\u00e7aises, soumises au droit fran\u00e7ais et au RGPD, sans d\u00e9pendance \u00e0 des acteurs extra-europ\u00e9ens. FUN garantit par ailleurs un cadre de confiance \u00e9prouv\u00e9 pour l&rsquo;enseignement sup\u00e9rieur, avec une gouvernance publique align\u00e9e sur les valeurs du service public \u00e9ducatif, coh\u00e9rence naturelle pour une solution financ\u00e9e par l&rsquo;\u00c9tat et d\u00e9velopp\u00e9e par un consortium d&rsquo;\u00e9tablissements.<\/p>\n<p>[\/et_pb_toggle][et_pb_toggle title=\u00a0\u00bbConstruction du mod\u00e8le \u00e9conomique soutenable dans l&rsquo;ESR avec FUN, ESUP et un COPIL d&rsquo;\u00e9tablissements\u00a0\u00bb open_toggle_text_color=\u00a0\u00bb#000000&Prime; icon_color=\u00a0\u00bb#2d3073&Prime; _builder_version=\u00a0\u00bb4.27.5&Prime; _module_preset=\u00a0\u00bbdefault\u00a0\u00bb title_text_color=\u00a0\u00bb#000000&Prime; title_font=\u00a0\u00bb|600|||||||\u00a0\u00bb title_font_size=\u00a0\u00bb20px\u00a0\u00bb title_line_height=\u00a0\u00bb1.4em\u00a0\u00bb background_color=\u00a0\u00bbrgba(128,112,229,0.12)\u00a0\u00bb custom_padding=\u00a0\u00bb36px||36px|||\u00a0\u00bb border_radii=\u00a0\u00bbon|6px|6px|6px|6px\u00a0\u00bb border_width_all=\u00a0\u00bb2px\u00a0\u00bb border_color_all=\u00a0\u00bb#3c2b70&Prime; global_colors_info=\u00a0\u00bb{}\u00a0\u00bb]<\/p>\n<p>En partenariat avec FUN et Esup-portail dans un premier temps, puis avec les \u00e9tablissements qui rejoindront le COPIL de CoFolio \u00e0 partir de 2027, nous construirons un mod\u00e8le \u00e9conomique soutenable garantissant la p\u00e9rennit\u00e9, la maintenance et l&rsquo;\u00e9volution continue de cette solution e-portfolio h\u00e9berg\u00e9e pour la tr\u00e8s grande \u00e9chelle dans l&rsquo;ESR (600k \u00e0 3 millions de comptes vis\u00e9s). Ce mod\u00e8le de gouvernance partag\u00e9e permettra \u00e0 CoFolio de s&rsquo;adapter durablement aux besoins fonctionnels et aux usages de la communaut\u00e9 de l&rsquo;enseignement sup\u00e9rieur et de la recherche.<\/p>\n<p>&nbsp;<\/p>\n<p>[\/et_pb_toggle][\/et_pb_column][\/et_pb_row][\/et_pb_section][et_pb_section fb_built=\u00a0\u00bb1&Prime; _builder_version=\u00a0\u00bb4.27.5&Prime; _module_preset=\u00a0\u00bbdefault\u00a0\u00bb background_color=\u00a0\u00bb#f6f8f9&Prime; da_disable_devices=\u00a0\u00bboff|off|off\u00a0\u00bb global_colors_info=\u00a0\u00bb{}\u00a0\u00bb da_is_popup=\u00a0\u00bboff\u00a0\u00bb da_exit_intent=\u00a0\u00bboff\u00a0\u00bb da_has_close=\u00a0\u00bbon\u00a0\u00bb da_alt_close=\u00a0\u00bboff\u00a0\u00bb da_dark_close=\u00a0\u00bboff\u00a0\u00bb da_not_modal=\u00a0\u00bbon\u00a0\u00bb da_is_singular=\u00a0\u00bboff\u00a0\u00bb da_with_loader=\u00a0\u00bboff\u00a0\u00bb da_has_shadow=\u00a0\u00bbon\u00a0\u00bb][et_pb_row _builder_version=\u00a0\u00bb4.27.5&Prime; _module_preset=\u00a0\u00bbdefault\u00a0\u00bb max_width=\u00a0\u00bb1400px\u00a0\u00bb global_colors_info=\u00a0\u00bb{}\u00a0\u00bb][et_pb_column type=\u00a0\u00bb4_4&Prime; _builder_version=\u00a0\u00bb4.27.5&Prime; _module_preset=\u00a0\u00bbdefault\u00a0\u00bb global_colors_info=\u00a0\u00bb{}\u00a0\u00bb][et_pb_text _builder_version=\u00a0\u00bb4.27.5&Prime; _module_preset=\u00a0\u00bbdefault\u00a0\u00bb text_font=\u00a0\u00bb|700|||||||\u00a0\u00bb header_font=\u00a0\u00bb|700|||||||\u00a0\u00bb header_line_height=\u00a0\u00bb1.4em\u00a0\u00bb global_colors_info=\u00a0\u00bb{}\u00a0\u00bb]<\/p>\n<h1>Les phases de d\u00e9ploiement et les diff\u00e9rentes livraisons de versions avec leurs p\u00e9rim\u00e8tres fonctionnels<\/h1>\n<p>[\/et_pb_text][et_pb_text _builder_version=\u00a0\u00bb4.27.6&Prime; _module_preset=\u00a0\u00bbdefault\u00a0\u00bb text_line_height=\u00a0\u00bb1.5em\u00a0\u00bb header_6_line_height=\u00a0\u00bb1.6em\u00a0\u00bb global_colors_info=\u00a0\u00bb{}\u00a0\u00bb]<\/p>\n<p>Nous pr\u00e9ciserons sur cette page, pour chacune de ces grandes versions, le d\u00e9tail des fonctionnalit\u00e9s qui seront livr\u00e9es. Pour la 1\u00e8re version pilote de CoFolio, ces d\u00e9tails seront communiqu\u00e9s \u00e0 partir de fin mai \/ d\u00e9but juin 2026.<\/p>\n<p>[\/et_pb_text][tmdivi_timeline label_font=\u00a0\u00bbMontserrat|700|||||||\u00a0\u00bb sub_label_font=\u00a0\u00bbMontserrat||||||||\u00a0\u00bb sub_label_font_size=\u00a0\u00bb12px\u00a0\u00bb heading_text_size=\u00a0\u00bb18px\u00a0\u00bb description_text_size=\u00a0\u00bb14px\u00a0\u00bb _builder_version=\u00a0\u00bb4.27.6&Prime; _module_preset=\u00a0\u00bbdefault\u00a0\u00bb heading_settings_font=\u00a0\u00bbMontserrat|600|||||||\u00a0\u00bb description_settings_font=\u00a0\u00bbMontserrat||||||||\u00a0\u00bb hover_enabled=\u00a0\u00bb0&Prime; global_colors_info=\u00a0\u00bb{}\u00a0\u00bb sticky_enabled=\u00a0\u00bb0&Prime;][tmdivi_timeline_story label_date=\u00a0\u00bbA partir d&rsquo;octobre 2029&Prime; sub_label=\u00a0\u00bbGouvernance de la solution au sein d&rsquo;un copil national ESUP et \u00e9tablissements ESR + autres qui pilotent les \u00e9volutions de CoFolio, financ\u00e9es, tout comme l&rsquo;h\u00e9bergement, par le mod\u00e8le \u00e9conomique associ\u00e9. \u00a0\u00bb show_story_icon=\u00a0\u00bbon\u00a0\u00bb story_icons=\u00a0\u00bb&#xf20e;||fa||400&Prime; story_title=\u00a0\u00bbNouvelles versions cibles %22COPIL national ESUP CoFolio%22, \u00e9volution et d\u00e9ploiement\u00a0\u00bb child_story_background_color=\u00a0\u00bb#283782&Prime; child_story_heading_color=\u00a0\u00bb#FFFFFF\u00a0\u00bb child_story_description_color=\u00a0\u00bb#FFFFFF\u00a0\u00bb _builder_version=\u00a0\u00bb4.27.6&Prime; link_option_url=\u00a0\u00bb#\u00a0\u00bb hover_enabled=\u00a0\u00bb0&Prime; global_colors_info=\u00a0\u00bb{}\u00a0\u00bb sticky_enabled=\u00a0\u00bb0&Prime;]<\/p>\n<ul>\n<li>Poursuite du d\u00e9ploiement de CoFolio dans les \u00e9tablissements ESR (et dans ceux d&rsquo;autres minist\u00e8res)<\/li>\n<li>Connecteur envisag\u00e9 avec le <strong>Passeport de Comp\u00e9tences<\/strong> du minist\u00e8re du travail (demand\u00e9 par l&rsquo;<span>\u00c9<\/span>tat)<\/li>\n<li>D\u00e9veloppement envisag\u00e9 de connexions avec le LMS <strong>Moodle, l&rsquo;Europass<\/strong> (CoFolio) et potentiellement avec d&rsquo;autres plateformes et outils num\u00e9riques (FUN Mooc, etc.)<\/li>\n<li><strong>Evolution des fonctionnalit\u00e9s<\/strong> APC et Projet de vie (r\u00e9ussites \u00e9tudiantes) demand\u00e9es par le COPIL Cofolio<\/li>\n<\/ul>\n<p>[\/tmdivi_timeline_story][tmdivi_timeline_story label_date=\u00a0\u00bbOctobre 2028&Prime; sub_label=\u00a0\u00bbD\u00e9but de mise en \u0153uvre du mod\u00e8le \u00e9conomique, int\u00e9gration dans les outils ESR (P\u00e9gase Pc Scol, etc.) et lien avec la plateforme et le portfolio de l&rsquo;enseignement scolaire. Version multilingue.\u00a0\u00bb show_story_icon=\u00a0\u00bbon\u00a0\u00bb story_icons=\u00a0\u00bb&#xe0e9;||divi||400&Prime; story_title=\u00a0\u00bbVersion cible %22AVENIR(s) France 2030%22 compl\u00e8te APC et Projet de vie avec d\u00e9ploiement dans des \u00e9tablissements entiers\u00a0\u00bb child_story_background_color=\u00a0\u00bb#3845bc\u00a0\u00bb child_story_heading_color=\u00a0\u00bb#FFFFFF\u00a0\u00bb child_story_description_color=\u00a0\u00bb#FFFFFF\u00a0\u00bb _builder_version=\u00a0\u00bb4.27.6&Prime; link_option_url=\u00a0\u00bb#\u00a0\u00bb hover_enabled=\u00a0\u00bb0&Prime; global_colors_info=\u00a0\u00bb{}\u00a0\u00bb sticky_enabled=\u00a0\u00bb0&Prime;]<\/p>\n<ul>\n<li>Prise de <strong>relais du financement par l&rsquo;<span>\u00c9<\/span>tat<\/strong> via le programme AVENIR(s) par la mise en oeuvre du <strong>mod\u00e8le \u00e9conomique<\/strong> avec FUN pour le co\u00fbt de la plateforme h\u00e9berg\u00e9e<\/li>\n<li>1\u00e8re version compl\u00e8te destin\u00e9e \u00e0 \u00eatre d\u00e9ploy\u00e9e pour des <strong>\u00e9tablissements complets<\/strong> (consortium AVENIR(s) et hors consortium)<\/li>\n<li><strong>Connecteur avec le SI Scolarit\u00e9 P\u00e9gase PC-SCOL<\/strong> (mais les \u00e9tablissements qui auront d\u00e9velopp\u00e9 ou qui souhaitent d\u00e9velopper des connecteurs avec nos API ouvertes CoFolio pourront conserver leurs autres connecteurs)<\/li>\n<li><strong><span>\u00c9<\/span>volution des fonctionnalit\u00e9s<\/strong> APC avec l&rsquo;\u00e9valuation et le suivi global des comp\u00e9tences vis\u00e9es par une formation et des fonctionnalit\u00e9 Projet de vie exp\u00e9riment\u00e9es dans les 2 versions pilotes pr\u00e9c\u00e9dentes<\/li>\n<li><strong>Lien -3+3<\/strong> afin de permettre l&rsquo;import des donn\u00e9es du portfolio du scolaire (depuis la plateforme AVENIR(s) Onisep) dans le CoFolio ESR (si l&rsquo;\u00e9tudiant le souhaite)<a href=\"https:\/\/avenirs-esr.fr\/cofolio\/developpement-deploiement-et-perennite-de-cofolio\/version-cible-avenirs-france-2030-complete-avec-deploiement\/\"><span style=\"color: #ffffff;\"><strong><span style=\"text-decoration: underline;\"><\/span><\/strong><\/span><\/a><\/li>\n<\/ul>\n<p>[\/tmdivi_timeline_story][tmdivi_timeline_story label_date=\u00a0\u00bbOctobre 2027&Prime; sub_label=\u00a0\u00bbVersion pilote (APC + Projet de vie)\u00a0\u00bb show_story_icon=\u00a0\u00bbon\u00a0\u00bb story_icons=\u00a0\u00bb&#xf0ae;||fa||900&Prime; story_title=\u00a0\u00bb2\u00e8me version pilote %22AVENIR(s) France 2030%22 avec d\u00e9but de l&rsquo;APC\u00a0\u00bb child_story_background_color=\u00a0\u00bb#c9306d\u00a0\u00bb child_story_heading_color=\u00a0\u00bb#FFFFFF\u00a0\u00bb child_story_description_color=\u00a0\u00bb#FFFFFF\u00a0\u00bb _builder_version=\u00a0\u00bb4.27.6&Prime; link_option_url=\u00a0\u00bb#\u00a0\u00bb global_colors_info=\u00a0\u00bb{}\u00a0\u00bb]<\/p>\n<ul>\n<li class=\"whitespace-normal break-words pl-2\">2<strong>\u00e8me version pilote<\/strong>, avec une premi\u00e8re mont\u00e9e en charge du nombre d\u2019utilisateurs<\/li>\n<li class=\"whitespace-normal break-words pl-2\">Mise en production des <strong>1\u00e8res fonctionnalit\u00e9s APC<\/strong> et enrichissement des fonctionnalit\u00e9s Projet de vie et transversales<\/li>\n<li><strong>Gratuit\u00e9<\/strong> pour les formations pilotes<\/li>\n<li><strong>Lancement du COPIL CoFolio<\/strong> (principalement consortium AVENIR(s), mais ajout possible de quelques \u00e9tablissements partenaires hors consortium qui accueillent nos d\u00e9veloppeurs ou participent au financement)<\/li>\n<li>D\u00e9but d&rsquo;automatisation via des <strong>connecteurs de SI d&rsquo;\u00e9tablissement\u00a0<\/strong>qui auront \u00e9t\u00e9 pr\u00e9par\u00e9s en amont avec l&rsquo;\u00e9tablissement (en attendant le connecteur avec le SI Scolarit\u00e9 P\u00e9gase PC-SCOL)<\/li>\n<\/ul>\n<p><span style=\"text-decoration: underline; color: #ffffff;\"><a href=\"https:\/\/avenirs-esr.fr\/cofolio\/developpement-deploiement-et-perennite-de-cofolio\/2eme-version-pilote-avenirs-france-2030-avec-debut-de-lapc\/\" style=\"color: #ffffff;\"><strong>En savoir plus<\/strong><\/a><\/span><\/p>\n<p>[\/tmdivi_timeline_story][tmdivi_timeline_story label_date=\u00a0\u00bbOctobre 2026&Prime; sub_label=\u00a0\u00bbVersion pilote (Projet de vie)\u00a0\u00bb show_story_icon=\u00a0\u00bbon\u00a0\u00bb story_icons=\u00a0\u00bb&#xf018;||fa||900&Prime; story_title=\u00a0\u00bb1\u00e8re version pilote %22AVENIR(s) France 2030%22 avec d\u00e9but du Projet de vie (pour les r\u00e9ussites \u00e9tudiantes)\u00a0\u00bb _builder_version=\u00a0\u00bb4.27.6&Prime; link_option_url=\u00a0\u00bbhttps:\/\/avenirs-esr.fr\/cofolio\/developpement-deploiement-et-perennite-de-cofolio\/1ere-version-pilote-avenirs-france-2030\/\u00a0\u00bb global_colors_info=\u00a0\u00bb{}\u00a0\u00bb]<\/p>\n<ul>\n<li><strong>1\u00e8re version pilote <\/strong>(nombre d&rsquo;utilisateurs volontairement r\u00e9duit)<strong> <\/strong><strong><\/strong>avec uniquement quelques formations et dispositifs pilotes afin d&rsquo;exp\u00e9rimenter les <strong>1\u00e8res livraisons qui concernent le projet de vie<\/strong> et les r\u00e9ussites \u00e9tudiantes<\/li>\n<li><strong> Exp\u00e9rimentation et ajustement de la plateforme CoFolio h\u00e9berg\u00e9e<\/strong> au sein de l&rsquo;infrastructure FUN (gratuit\u00e9 de l&rsquo;h\u00e9bergement)<\/li>\n<li><strong>Import manuel dans un 1er temps<\/strong> des utilisateurs et autres donn\u00e9es<\/li>\n<li><strong>Gratuit\u00e9<\/strong> de l&rsquo;acc\u00e8s \u00e0 la plateforme pour les formations pilotes<\/li>\n<\/ul>\n<p><span style=\"text-decoration: underline; color: #3366ff;\"><a href=\"https:\/\/avenirs-esr.fr\/cofolio\/developpement-deploiement-et-perennite-de-cofolio\/1ere-version-pilote-avenirs-france-2030\/\" style=\"color: #3366ff;\"><strong>En savoir plus<\/strong><\/a><\/span><\/p>\n<p>[\/tmdivi_timeline_story][\/tmdivi_timeline][\/et_pb_column][\/et_pb_row][\/et_pb_section][et_pb_section fb_built=\u00a0\u00bb1&Prime; _builder_version=\u00a0\u00bb4.27.5&Prime; _module_preset=\u00a0\u00bbdefault\u00a0\u00bb custom_padding=\u00a0\u00bb19px||24px|||\u00a0\u00bb da_disable_devices=\u00a0\u00bboff|off|off\u00a0\u00bb border_width_top=\u00a0\u00bb1px\u00a0\u00bb border_color_top=\u00a0\u00bbrgba(0,0,0,0.09)\u00a0\u00bb border_width_bottom=\u00a0\u00bb1px\u00a0\u00bb border_color_bottom=\u00a0\u00bbrgba(0,0,0,0.1)\u00a0\u00bb global_module=\u00a0\u00bb68&Prime; saved_tabs=\u00a0\u00bball\u00a0\u00bb global_colors_info=\u00a0\u00bb{}\u00a0\u00bb da_is_popup=\u00a0\u00bboff\u00a0\u00bb da_exit_intent=\u00a0\u00bboff\u00a0\u00bb da_has_close=\u00a0\u00bbon\u00a0\u00bb da_alt_close=\u00a0\u00bboff\u00a0\u00bb da_dark_close=\u00a0\u00bboff\u00a0\u00bb da_not_modal=\u00a0\u00bbon\u00a0\u00bb da_is_singular=\u00a0\u00bboff\u00a0\u00bb da_with_loader=\u00a0\u00bboff\u00a0\u00bb da_has_shadow=\u00a0\u00bbon\u00a0\u00bb][et_pb_row column_structure=\u00a0\u00bb1_5,3_5,1_5&Prime; _builder_version=\u00a0\u00bb4.27.5&Prime; _module_preset=\u00a0\u00bbdefault\u00a0\u00bb max_width=\u00a0\u00bb2560px\u00a0\u00bb custom_margin=\u00a0\u00bb10px||||false|false\u00a0\u00bb custom_padding=\u00a0\u00bb||19px|||\u00a0\u00bb border_width_top=\u00a0\u00bb0px\u00a0\u00bb global_colors_info=\u00a0\u00bb{}\u00a0\u00bb][et_pb_column type=\u00a0\u00bb1_5&Prime; _builder_version=\u00a0\u00bb4.27.5&Prime; _module_preset=\u00a0\u00bbdefault\u00a0\u00bb global_colors_info=\u00a0\u00bb{}\u00a0\u00bb][et_pb_text _builder_version=\u00a0\u00bb4.27.5&Prime; _module_preset=\u00a0\u00bbdefault\u00a0\u00bb global_colors_info=\u00a0\u00bb{}\u00a0\u00bb]<\/p>\n<p><a href=\"https:\/\/avenirs-esr.fr\/cofolio\/wp-content\/uploads\/sites\/5\/2026\/01\/cofolio.svg\"><img decoding=\"async\" src=\"https:\/\/avenirs-esr.fr\/cofolio\/wp-content\/uploads\/sites\/5\/2026\/01\/cofolio.svg\" width=\"undefined\" height=\"undefined\" alt=\"logo CoFolio avec baseline D\u00e9velopper et valoriser les comp\u00e9tences e-portfolio AVENIR(s) ESR\" class=\"wp-image-162 aligncenter size-full\" \/><\/a><\/p>\n<p>[\/et_pb_text][\/et_pb_column][et_pb_column type=\u00a0\u00bb3_5&Prime; _builder_version=\u00a0\u00bb4.27.5&Prime; _module_preset=\u00a0\u00bbdefault\u00a0\u00bb global_colors_info=\u00a0\u00bb{}\u00a0\u00bb][et_pb_text _builder_version=\u00a0\u00bb4.27.5&Prime; _module_preset=\u00a0\u00bbdefault\u00a0\u00bb text_font_size=\u00a0\u00bb12px\u00a0\u00bb text_line_height=\u00a0\u00bb1.6em\u00a0\u00bb custom_margin=\u00a0\u00bb5px|||-14px||\u00a0\u00bb custom_padding=\u00a0\u00bb|27px||27px|false|true\u00a0\u00bb border_color_right=\u00a0\u00bbrgba(0,22,124,0.17)\u00a0\u00bb border_color_left=\u00a0\u00bbrgba(0,22,124,0.17)\u00a0\u00bb global_colors_info=\u00a0\u00bb{}\u00a0\u00bb]<\/p>\n<p><a href=\"https:\/\/avenirs-esr.fr\/cofolio\/wp-content\/uploads\/sites\/5\/2026\/01\/logosAnrFr2030Avenirsv2.png\"><img loading=\"lazy\" decoding=\"async\" src=\"https:\/\/avenirs-esr.fr\/cofolio\/wp-content\/uploads\/sites\/5\/2026\/01\/logosAnrFr2030Avenirsv2-1024x749.png\" width=\"248\" height=\"181\" alt=\"\" class=\"wp-image-160 alignleft size-large\" \/><\/a><a href=\"https:\/\/avenirs-esr.fr\/cofolio\/wp-content\/uploads\/sites\/5\/2026\/01\/logosAnrFr2030Avenis.png\"><\/a>Le d\u00e9veloppement de l&rsquo;application CoFolio a \u00e9t\u00e9 r\u00e9alis\u00e9 dans le cadre du Programme AVENIR(s) France 2030. Ce travail a b\u00e9n\u00e9fici\u00e9 d&rsquo;une aide de l\u2019\u00c9tat g\u00e9r\u00e9e par l&rsquo;Agence Nationale de la Recherche au titre du programme d\u2019investissements d\u2019avenir int\u00e9gr\u00e9 \u00e0 France 2030, portant la r\u00e9f\u00e9rence ANR-21-DMAV-0001<\/p>\n<p>[\/et_pb_text][\/et_pb_column][et_pb_column type=\u00a0\u00bb1_5&Prime; _builder_version=\u00a0\u00bb4.27.5&Prime; _module_preset=\u00a0\u00bbdefault\u00a0\u00bb global_colors_info=\u00a0\u00bb{}\u00a0\u00bb][et_pb_text _builder_version=\u00a0\u00bb4.27.5&Prime; _module_preset=\u00a0\u00bbdefault\u00a0\u00bb text_font_size=\u00a0\u00bb12px\u00a0\u00bb text_line_height=\u00a0\u00bb1.4em\u00a0\u00bb global_colors_info=\u00a0\u00bb{}\u00a0\u00bb]<a href=\"https:\/\/avenirs-esr.fr\/cofolio\/wp-content\/uploads\/sites\/5\/2026\/01\/logo-esup-portail.svg\"><img loading=\"lazy\" decoding=\"async\" src=\"https:\/\/avenirs-esr.fr\/cofolio\/wp-content\/uploads\/sites\/5\/2026\/01\/logo-esup-portail.svg\" width=\"132\" height=\"55\" alt=\"\" class=\"wp-image-67 alignleft size-full\" \/><\/a><\/p>\n<p>&nbsp;<\/p>\n<p>&nbsp;<\/p>\n<p>D\u00e9velopp\u00e9 par l&rsquo;association Esup-portail \u00e0 travers ses membres.<\/p>\n<p>CoFolio sera disponible en offre SAAS \u00e0 partir de 2028.[\/et_pb_text][\/et_pb_column][\/et_pb_row][\/et_pb_section][et_pb_section fb_built=\u00a0\u00bb1&Prime; _builder_version=\u00a0\u00bb4.27.5&Prime; _module_preset=\u00a0\u00bbdefault\u00a0\u00bb custom_padding=\u00a0\u00bb16px||7px|||\u00a0\u00bb da_disable_devices=\u00a0\u00bboff|off|off\u00a0\u00bb global_module=\u00a0\u00bb201&Prime; saved_tabs=\u00a0\u00bball\u00a0\u00bb global_colors_info=\u00a0\u00bb{}\u00a0\u00bb da_is_popup=\u00a0\u00bboff\u00a0\u00bb da_exit_intent=\u00a0\u00bboff\u00a0\u00bb da_has_close=\u00a0\u00bbon\u00a0\u00bb da_alt_close=\u00a0\u00bboff\u00a0\u00bb da_dark_close=\u00a0\u00bboff\u00a0\u00bb da_not_modal=\u00a0\u00bbon\u00a0\u00bb da_is_singular=\u00a0\u00bboff\u00a0\u00bb da_with_loader=\u00a0\u00bboff\u00a0\u00bb da_has_shadow=\u00a0\u00bbon\u00a0\u00bb][et_pb_row _builder_version=\u00a0\u00bb4.27.5&Prime; _module_preset=\u00a0\u00bbdefault\u00a0\u00bb width=\u00a0\u00bb100%\u00a0\u00bb max_width=\u00a0\u00bb2228px\u00a0\u00bb custom_padding=\u00a0\u00bb18px||16px|||\u00a0\u00bb global_colors_info=\u00a0\u00bb{}\u00a0\u00bb][et_pb_column type=\u00a0\u00bb4_4&Prime; _builder_version=\u00a0\u00bb4.27.5&Prime; _module_preset=\u00a0\u00bbdefault\u00a0\u00bb global_colors_info=\u00a0\u00bb{}\u00a0\u00bb][et_pb_text _builder_version=\u00a0\u00bb4.27.5&Prime; _module_preset=\u00a0\u00bbdefault\u00a0\u00bb text_orientation=\u00a0\u00bbcenter\u00a0\u00bb global_colors_info=\u00a0\u00bb{}\u00a0\u00bb]<\/p>\n<p>Site officiel de la solution <strong>e-portfolio CoFolio<\/strong> I Design <strong>USMB<\/strong> 2026\u00a0<\/p>\n<p>[\/et_pb_text][\/et_pb_column][\/et_pb_row][\/et_pb_section]<\/p>\n","protected":false},"excerpt":{"rendered":"<p>D\u00e9veloppement et d\u00e9ploiement de CoFolioLe d\u00e9veloppement de CoFolio et les diff\u00e9rentes phases de son d\u00e9ploiement progressif au sein d&rsquo;une plateforme h\u00e9berg\u00e9e : des versions pilotes \u00e0 p\u00e9rim\u00e8tre restreint aux versions compl\u00e8tes pour la grande \u00e9chelle d&rsquo;utilisateurs.Suivre le d\u00e9veloppement informatiqueCoFolio est d\u00e9velopp\u00e9 par le volet ESR du programme AVENIR(s) France 2030. Ce volet est pilot\u00e9 par [&hellip;]<\/p>\n","protected":false},"author":1,"featured_media":0,"parent":0,"menu_order":0,"comment_status":"closed","ping_status":"closed","template":"","meta":{"_et_pb_use_builder":"on","_et_pb_old_content":"","_et_gb_content_width":"","footnotes":""},"class_list":["post-292","page","type-page","status-publish","hentry"],"aioseo_notices":[],"_links":{"self":[{"href":"https:\/\/avenirs-esr.fr\/cofolio\/wp-json\/wp\/v2\/pages\/292","targetHints":{"allow":["GET"]}}],"collection":[{"href":"https:\/\/avenirs-esr.fr\/cofolio\/wp-json\/wp\/v2\/pages"}],"about":[{"href":"https:\/\/avenirs-esr.fr\/cofolio\/wp-json\/wp\/v2\/types\/page"}],"author":[{"embeddable":true,"href":"https:\/\/avenirs-esr.fr\/cofolio\/wp-json\/wp\/v2\/users\/1"}],"replies":[{"embeddable":true,"href":"https:\/\/avenirs-esr.fr\/cofolio\/wp-json\/wp\/v2\/comments?post=292"}],"version-history":[{"count":72,"href":"https:\/\/avenirs-esr.fr\/cofolio\/wp-json\/wp\/v2\/pages\/292\/revisions"}],"predecessor-version":[{"id":1949,"href":"https:\/\/avenirs-esr.fr\/cofolio\/wp-json\/wp\/v2\/pages\/292\/revisions\/1949"}],"wp:attachment":[{"href":"https:\/\/avenirs-esr.fr\/cofolio\/wp-json\/wp\/v2\/media?parent=292"}],"curies":[{"name":"wp","href":"https:\/\/api.w.org\/{rel}","templated":true}]}}