{"id":294,"date":"2026-01-30T10:16:02","date_gmt":"2026-01-30T09:16:02","guid":{"rendered":"https:\/\/avenirs-esr.fr\/cofolio\/?page_id=294"},"modified":"2026-02-26T11:50:56","modified_gmt":"2026-02-26T10:50:56","slug":"devenir-partenaire-cofolio","status":"publish","type":"page","link":"https:\/\/avenirs-esr.fr\/cofolio\/devenir-partenaire-cofolio\/","title":{"rendered":"Devenir utilisateur et\/ou partenaire de la solution CoFolio"},"content":{"rendered":"<p>[et_pb_section fb_built=\u00a0\u00bb1&Prime; _builder_version=\u00a0\u00bb4.27.5&Prime; _module_preset=\u00a0\u00bbdefault\u00a0\u00bb background_color=\u00a0\u00bbrgba(184,196,231,0.59)\u00a0\u00bb custom_margin=\u00a0\u00bb0px||||false|false\u00a0\u00bb custom_padding=\u00a0\u00bb||||false|false\u00a0\u00bb da_disable_devices=\u00a0\u00bboff|off|off\u00a0\u00bb global_colors_info=\u00a0\u00bb{}\u00a0\u00bb da_is_popup=\u00a0\u00bboff\u00a0\u00bb da_exit_intent=\u00a0\u00bboff\u00a0\u00bb da_has_close=\u00a0\u00bbon\u00a0\u00bb da_alt_close=\u00a0\u00bboff\u00a0\u00bb da_dark_close=\u00a0\u00bboff\u00a0\u00bb da_not_modal=\u00a0\u00bbon\u00a0\u00bb da_is_singular=\u00a0\u00bboff\u00a0\u00bb da_with_loader=\u00a0\u00bboff\u00a0\u00bb da_has_shadow=\u00a0\u00bbon\u00a0\u00bb][et_pb_row _builder_version=\u00a0\u00bb4.27.5&Prime; _module_preset=\u00a0\u00bbdefault\u00a0\u00bb max_width=\u00a0\u00bb1400px\u00a0\u00bb custom_padding=\u00a0\u00bb16px|||||\u00a0\u00bb global_colors_info=\u00a0\u00bb{}\u00a0\u00bb][et_pb_column type=\u00a0\u00bb4_4&Prime; _builder_version=\u00a0\u00bb4.27.5&Prime; _module_preset=\u00a0\u00bbdefault\u00a0\u00bb global_colors_info=\u00a0\u00bb{}\u00a0\u00bb][et_pb_text _builder_version=\u00a0\u00bb4.27.5&Prime; _module_preset=\u00a0\u00bbdefault\u00a0\u00bb text_font=\u00a0\u00bb||||||||\u00a0\u00bb text_text_color=\u00a0\u00bb#000000&Prime; text_font_size=\u00a0\u00bb19px\u00a0\u00bb header_font=\u00a0\u00bb|300|||||||\u00a0\u00bb header_text_color=\u00a0\u00bb#000000&Prime; header_font_size=\u00a0\u00bb27px\u00a0\u00bb header_2_text_color=\u00a0\u00bb#000000&Prime; header_2_font_size=\u00a0\u00bb30px\u00a0\u00bb header_2_line_height=\u00a0\u00bb1.4em\u00a0\u00bb header_3_text_color=\u00a0\u00bb#000000&Prime; global_colors_info=\u00a0\u00bb{}\u00a0\u00bb]<\/p>\n<h2 style=\"text-align: left;\"><strong>Devenir utilisateur et\/ou partenaire de la solution CoFolio<\/strong><\/h2>\n<p>[\/et_pb_text][\/et_pb_column][\/et_pb_row][et_pb_row column_structure=\u00a0\u00bb1_2,1_2&Prime; _builder_version=\u00a0\u00bb4.27.5&Prime; _module_preset=\u00a0\u00bbdefault\u00a0\u00bb max_width=\u00a0\u00bb1400px\u00a0\u00bb custom_padding=\u00a0\u00bb9px|||||\u00a0\u00bb global_colors_info=\u00a0\u00bb{}\u00a0\u00bb][et_pb_column type=\u00a0\u00bb1_2&Prime; _builder_version=\u00a0\u00bb4.27.5&Prime; _module_preset=\u00a0\u00bbdefault\u00a0\u00bb global_colors_info=\u00a0\u00bb{}\u00a0\u00bb][et_pb_text _builder_version=\u00a0\u00bb4.27.5&Prime; _module_preset=\u00a0\u00bbdefault\u00a0\u00bb text_font=\u00a0\u00bb||||||||\u00a0\u00bb text_text_color=\u00a0\u00bb#000000&Prime; header_text_color=\u00a0\u00bb#FFFFFF\u00a0\u00bb header_3_line_height=\u00a0\u00bb1.2em\u00a0\u00bb header_4_line_height=\u00a0\u00bb1.5em\u00a0\u00bb custom_margin=\u00a0\u00bb19px||19px||false|false\u00a0\u00bb global_colors_info=\u00a0\u00bb{}\u00a0\u00bb]<\/p>\n<h4 style=\"text-align: left;\">L&rsquo;utilisation de CoFolio au sein de votre \u00e9tablissement vous int\u00e9resse ? Vous souhaitez aller plus loin et devenir un partenaire de la solution CoFolio et b\u00e9n\u00e9ficier d&rsquo;avantages ?<\/h4>\n<p>[\/et_pb_text][\/et_pb_column][et_pb_column type=\u00a0\u00bb1_2&Prime; _builder_version=\u00a0\u00bb4.27.5&Prime; _module_preset=\u00a0\u00bbdefault\u00a0\u00bb global_colors_info=\u00a0\u00bb{}\u00a0\u00bb][et_pb_image src=\u00a0\u00bbhttps:\/\/avenirs-esr.fr\/cofolio\/wp-content\/uploads\/sites\/5\/2026\/02\/photo_utilisateur-partenaire2.png\u00a0\u00bb title_text=\u00a0\u00bbphoto_utilisateur-partenaire2&Prime; _builder_version=\u00a0\u00bb4.27.5&Prime; _module_preset=\u00a0\u00bbdefault\u00a0\u00bb max_height=\u00a0\u00bb1000px\u00a0\u00bb custom_margin=\u00a0\u00bb19px||-100px||false|false\u00a0\u00bb custom_padding=\u00a0\u00bb||0px||false|false\u00a0\u00bb border_radii=\u00a0\u00bbon|10px|10px|10px|10px\u00a0\u00bb global_colors_info=\u00a0\u00bb{}\u00a0\u00bb][\/et_pb_image][\/et_pb_column][\/et_pb_row][\/et_pb_section][et_pb_section fb_built=\u00a0\u00bb1&Prime; _builder_version=\u00a0\u00bb4.27.5&Prime; _module_preset=\u00a0\u00bbdefault\u00a0\u00bb da_disable_devices=\u00a0\u00bboff|off|off\u00a0\u00bb global_colors_info=\u00a0\u00bb{}\u00a0\u00bb da_is_popup=\u00a0\u00bboff\u00a0\u00bb da_exit_intent=\u00a0\u00bboff\u00a0\u00bb da_has_close=\u00a0\u00bbon\u00a0\u00bb da_alt_close=\u00a0\u00bboff\u00a0\u00bb da_dark_close=\u00a0\u00bboff\u00a0\u00bb da_not_modal=\u00a0\u00bbon\u00a0\u00bb da_is_singular=\u00a0\u00bboff\u00a0\u00bb da_with_loader=\u00a0\u00bboff\u00a0\u00bb da_has_shadow=\u00a0\u00bbon\u00a0\u00bb][et_pb_row column_structure=\u00a0\u00bb1_2,1_2&Prime; _builder_version=\u00a0\u00bb4.27.5&Prime; _module_preset=\u00a0\u00bbdefault\u00a0\u00bb max_width=\u00a0\u00bb1400px\u00a0\u00bb global_colors_info=\u00a0\u00bb{}\u00a0\u00bb][et_pb_column type=\u00a0\u00bb1_2&Prime; _builder_version=\u00a0\u00bb4.27.5&Prime; _module_preset=\u00a0\u00bbdefault\u00a0\u00bb global_colors_info=\u00a0\u00bb{}\u00a0\u00bb][et_pb_text _builder_version=\u00a0\u00bb4.27.5&Prime; _module_preset=\u00a0\u00bbdefault\u00a0\u00bb text_font=\u00a0\u00bb|700|||||||\u00a0\u00bb header_font=\u00a0\u00bb|700|||||||\u00a0\u00bb header_2_font=\u00a0\u00bb|600|||||||\u00a0\u00bb header_2_line_height=\u00a0\u00bb1.3em\u00a0\u00bb custom_margin=\u00a0\u00bb3px||||false|false\u00a0\u00bb custom_padding=\u00a0\u00bb0px|||||\u00a0\u00bb global_colors_info=\u00a0\u00bb{}\u00a0\u00bb]<\/p>\n<h2>Comment et quand mon \u00e9tablissement pourra b\u00e9n\u00e9ficier de CoFolio ?<\/h2>\n<p>[\/et_pb_text][et_pb_text _builder_version=\u00a0\u00bb4.27.5&Prime; _module_preset=\u00a0\u00bbdefault\u00a0\u00bb global_colors_info=\u00a0\u00bb{}\u00a0\u00bb]<\/p>\n<p class=\"font-claude-response-body break-words whitespace-normal leading-[1.7]\">CoFolio sera<strong> disponible dans sa version compl\u00e8te d\u00e8s octobre 2028 pour tout \u00e9tablissement souhaitant l&rsquo;adopter<\/strong>. Cette version int\u00e9grera un connecteur P\u00e9gase PC-SCOL facilitant les \u00e9changes de donn\u00e9es : import de l&rsquo;offre de formation, import de cohortes d&rsquo;\u00e9tudiants, mais aussi remont\u00e9e vers P\u00e9gase des r\u00e9sultats d&rsquo;\u00e9valuations r\u00e9alis\u00e9es via le portfolio (activit\u00e9s de mise en situation, \u00e9valuations globales de comp\u00e9tences, etc.). Pour les \u00e9tablissements utilisant d&rsquo;autres syst\u00e8mes d&rsquo;information de scolarit\u00e9, CoFolio mettra par ailleurs \u00e0 disposition des API ouvertes permettant une connexion flexible avec leur environnement applicatif.<\/p>\n<p class=\"font-claude-response-body break-words whitespace-normal leading-[1.7]\">Avant ce d\u00e9ploiement \u00e0 grande \u00e9chelle, deux versions pilotes seront livr\u00e9es en 2026 et 2027. Volontairement limit\u00e9es \u00e0 quelques formations et \u00e0 un nombre r\u00e9duit d&rsquo;utilisateurs, elles permettront d&rsquo;\u00e9prouver progressivement les fonctionnalit\u00e9s d\u00e9velopp\u00e9es :<\/p>\n<ul>\n<li style=\"list-style-type: none;\">\n<ul class=\"[li_&amp;]:mb-0 [li_&amp;]:mt-1 [li_&amp;]:gap-1 [&amp;:not(:last-child)_ul]:pb-1 [&amp;:not(:last-child)_ol]:pb-1 list-disc flex flex-col gap-1 pl-8 mb-3\">\n<li class=\"whitespace-normal break-words pl-2\"><strong>Octobre 2026<\/strong> : projet de vie et r\u00e9ussites \u00e9tudiantes<\/li>\n<li class=\"whitespace-normal break-words pl-2\"><strong>Octobre 2027<\/strong> : approche par comp\u00e9tences (APC)<\/li>\n<\/ul>\n<\/li>\n<\/ul>\n<p class=\"font-claude-response-body break-words whitespace-normal leading-[1.7]\">Ces versions pilotes accueilleront en priorit\u00e9 les formations du consortium AVENIR(s) pr\u00eates \u00e0 tester nos d\u00e9veloppements en situation r\u00e9elle.<\/p>\n<p>Pour en savoir plus sur le calendrier et les modalit\u00e9s de d\u00e9ploiement, consultez l&rsquo;onglet \u00ab\u00a0<a href=\"https:\/\/avenirs-esr.fr\/cofolio\/developpement-deploiement-et-perennite-de-cofolio\/\">D\u00e9ploiement<\/a>\u00a0\u00bb de ce site.<\/p>\n<p>[\/et_pb_text][\/et_pb_column][et_pb_column type=\u00a0\u00bb1_2&Prime; _builder_version=\u00a0\u00bb4.27.5&Prime; _module_preset=\u00a0\u00bbdefault\u00a0\u00bb global_colors_info=\u00a0\u00bb{}\u00a0\u00bb][et_pb_text _builder_version=\u00a0\u00bb4.27.5&Prime; _module_preset=\u00a0\u00bbdefault\u00a0\u00bb text_font=\u00a0\u00bb|700|||||||\u00a0\u00bb header_font=\u00a0\u00bb|700|||||||\u00a0\u00bb header_2_font=\u00a0\u00bb|600|||||||\u00a0\u00bb header_2_line_height=\u00a0\u00bb1.3em\u00a0\u00bb global_colors_info=\u00a0\u00bb{}\u00a0\u00bb]<\/p>\n<h2>Contribuer et devenir partenaire de la solution CoFolio ?<\/h2>\n<p>[\/et_pb_text][et_pb_toggle title=\u00a0\u00bbContribuer en tant que terrain d&rsquo;avenir(s) CoFolio\u00a0\u00bb open_toggle_text_color=\u00a0\u00bb#000000&Prime; open_toggle_background_color=\u00a0\u00bb#ffeaeb\u00a0\u00bb closed_toggle_background_color=\u00a0\u00bb#ffeaeb\u00a0\u00bb icon_color=\u00a0\u00bb#c62d35&Prime; _builder_version=\u00a0\u00bb4.27.5&Prime; _module_preset=\u00a0\u00bbdefault\u00a0\u00bb title_text_color=\u00a0\u00bb#000000&Prime; title_font=\u00a0\u00bb|600|||||||\u00a0\u00bb title_font_size=\u00a0\u00bb20px\u00a0\u00bb background_color=\u00a0\u00bbrgba(111,142,226,0.12)\u00a0\u00bb custom_padding=\u00a0\u00bb39px||40px|||\u00a0\u00bb hover_enabled=\u00a0\u00bb0&Prime; border_radii=\u00a0\u00bbon|6px|6px|6px|6px\u00a0\u00bb border_width_all=\u00a0\u00bb2px\u00a0\u00bb border_color_all=\u00a0\u00bb#e8363c\u00a0\u00bb global_colors_info=\u00a0\u00bb{}\u00a0\u00bb sticky_enabled=\u00a0\u00bb0&Prime;]<\/p>\n<p>En attendant d&rsquo;avoir acc\u00e8s \u00e0 CoFolio, comment mon \u00e9tablissement peut contribuer ?<\/p>\n<p>Le<strong> volet ESR d&rsquo;AVENIR(s) a lanc\u00e9 le 13 janvier 2026 la communaut\u00e9 AVENIR(s) ESR<\/strong> et a propos\u00e9 aux \u00e9quipes int\u00e9ress\u00e9es par un futur usage de CoFolio de candidater \u00e0 des <a href=\"https:\/\/avenirs-esr.fr\/terrains-davenirs\/\"><em>terrains d&rsquo;AVENIR(s) APC et\/ou Projet de vie CoFolio<\/em><\/a>.<\/p>\n<p>Ceci permet \u00e0 ces \u00e9quipes de b\u00e9n\u00e9ficier :<\/p>\n<p><b><span>\u00a0\ud83d\udcf0\u00a0D&rsquo;i<\/span><\/b><b>nformations cibl\u00e9es<span>\u00a0<\/span><\/b>sur le d\u00e9veloppement national de l\u2019outil e-portfolio CoFolio et des fonctionnalit\u00e9s mises \u00e0 disposition<\/p>\n<p><b>\ud83d\udde8\ufe0f<span>\u00a0<\/span>D&rsquo;opportunit\u00e9 de remonter ses besoins<span>\u00a0<\/span><\/b>vis-\u00e0-vis du futur outil (notamment en termes de fonctionnalit\u00e9s) dans une d\u00e9marche de co-construction \u00e9volutive de CoFolio<\/p>\n<p><b>\ud83d\udcc6 D&rsquo;invitations \u00e0 des \u00e9changes<\/b><span>\u00a0<\/span><strong>nationaux et des \u00e9v\u00e9nements<\/strong><span>\u00a0<\/span>sp\u00e9cifiquement d\u00e9di\u00e9s aux TA (APC et PDV)<\/p>\n<p><b>\ud83d\udcc2D&rsquo;acc\u00e8s en avant-premi\u00e8re \u00e0 des ressources<span>\u00a0<\/span><\/b>p\u00e9dagogiques et num\u00e9riques propos\u00e9es par le programme (et la possibilit\u00e9 d\u2019y contribuer)<\/p>\n<p><b>\ud83c\udfc5D&rsquo;une valorisation potentielle nationale<span>\u00a0<\/span><\/b>de la formation et\/ou du dispositif, reconnue en tant que Terrain d\u2019Avenir(s)<\/p>\n<p>Cette communaut\u00e9 de terrains d&rsquo;AVENIR(s) APC \/ PDV CoFolio nous permet de <strong>d\u00e9velopper, \u00e0 partir de mod\u00e9lisations de cas d&rsquo;usages r\u00e9els d&rsquo;un e-portfolio<\/strong>, une solution <strong>adapt\u00e9e \u00e0 contextes diversifi\u00e9s<\/strong> de formation et\/ou de dispositifs d&rsquo;aide aux r\u00e9ussites \u00e9tudiantes.<\/p>\n<p>[\/et_pb_toggle][et_pb_toggle title=\u00a0\u00bbDevenir partenaire CoFolio et b\u00e9n\u00e9ficier d&rsquo;avantages\u00a0\u00bb open_toggle_text_color=\u00a0\u00bb#000000&Prime; icon_color=\u00a0\u00bb#2d3073&Prime; _builder_version=\u00a0\u00bb4.27.5&Prime; _module_preset=\u00a0\u00bbdefault\u00a0\u00bb title_text_color=\u00a0\u00bb#000000&Prime; title_font=\u00a0\u00bb|600|||||||\u00a0\u00bb title_font_size=\u00a0\u00bb20px\u00a0\u00bb title_line_height=\u00a0\u00bb1.4em\u00a0\u00bb background_color=\u00a0\u00bbrgba(111,142,226,0.12)\u00a0\u00bb custom_padding=\u00a0\u00bb36px||36px|||\u00a0\u00bb border_radii=\u00a0\u00bbon|6px|6px|6px|6px\u00a0\u00bb border_width_all=\u00a0\u00bb2px\u00a0\u00bb border_color_all=\u00a0\u00bb#2d3073&Prime; global_colors_info=\u00a0\u00bb{}\u00a0\u00bb]<\/p>\n<p class=\"font-claude-response-body break-words whitespace-normal leading-[1.7]\"><strong>Co-construction et accueil de d\u00e9veloppeurs<\/strong><\/p>\n<p class=\"font-claude-response-body break-words whitespace-normal leading-[1.7]\">CoFolio se co-construit avec les \u00e9tablissements de l&rsquo;enseignement sup\u00e9rieur, mais aussi avec des p\u00f4les de formation d&rsquo;autres minist\u00e8res, des associations, des entreprises, des collectivit\u00e9s, et bien d&rsquo;autres acteurs.<\/p>\n<p class=\"font-claude-response-body break-words whitespace-normal leading-[1.7]\">Dans ce cadre, nous recherchons activement des \u00e9tablissements pr\u00eats \u00e0 accueillir des d\u00e9veloppeurs au sein de leurs \u00e9quipes, comme le font d\u00e9j\u00e0 l&rsquo;Universit\u00e9 de Toulon et l&rsquo;INP de Toulouse. Cela repr\u00e9sente deux b\u00e9n\u00e9fices majeurs pour le projet : r\u00e9duire nos co\u00fbts de d\u00e9veloppement et avancer plus vite, d&rsquo;une part, et rapprocher les d\u00e9veloppeurs du terrain pour mieux capter les besoins r\u00e9els des \u00e9tablissements, d&rsquo;autre part. En effet, une grande partie de nos d\u00e9veloppeurs sont freelances, et nous ne pouvons pas maintenir ind\u00e9finiment un tel effort financier sans mutualiser les ressources.<\/p>\n<p class=\"font-claude-response-body break-words whitespace-normal leading-[1.7]\"><strong>Modalit\u00e9s et avantages pour l&rsquo;\u00e9tablissement d&rsquo;accueil<\/strong><\/p>\n<p class=\"font-claude-response-body break-words whitespace-normal leading-[1.7]\">Concr\u00e8tement, voici ce que cela implique :<\/p>\n<p class=\"font-claude-response-body break-words whitespace-normal leading-[1.7]\"><strong>Financement<\/strong> : nous prenons en charge l&rsquo;int\u00e9gralit\u00e9 du salaire, auxquels s&rsquo;ajoutent environ 8 % de frais de gestion RH, proportionnellement au temps consacr\u00e9 au projet (100 % ou un pourcentage \u00e0 d\u00e9finir ensemble). Nous ne finan\u00e7ons les postes qu&rsquo;\u00e0 hauteur du temps effectivement d\u00e9di\u00e9 \u00e0 CoFolio.<\/p>\n<p class=\"font-claude-response-body break-words whitespace-normal leading-[1.7]\"><strong>Cadre juridique<\/strong> : la mise \u00e0 disposition peut s&rsquo;effectuer via une convention de mise \u00e0 disposition ou une convention de service avec ESUP. Des mod\u00e8les sont disponibles sur demande.<\/p>\n<p class=\"font-claude-response-body break-words whitespace-normal leading-[1.7]\"><strong>Recrutement sous contrat projet<\/strong> : votre \u00e9tablissement peut recruter un d\u00e9veloppeur en contrat projet, ce qui pr\u00e9sente plusieurs avantages : s\u00e9curisation du financement en cas d&rsquo;arr\u00eat du projet, absence d&rsquo;impact sur la masse salariale permanente, et participation de notre \u00e9quipe aux entretiens de s\u00e9lection.<\/p>\n<p class=\"font-claude-response-body break-words whitespace-normal leading-[1.7]\"><strong>Opportunit\u00e9 de mont\u00e9e en comp\u00e9tences<\/strong> : c&rsquo;est \u00e9galement une occasion pour votre \u00e9tablissement de recruter un profil d\u00e9butant, de le former sur un projet d&rsquo;envergure nationale, et d&rsquo;envisager \u00e0 terme une int\u00e9gration en interne ou une r\u00e9orientation progressive vers des activit\u00e9s propres \u00e0 l&rsquo;\u00e9tablissement. Une dur\u00e9e de continuit\u00e9 de mission et un pourcentage d&rsquo;intervention au-del\u00e0 de mi-2028 seront \u00e0 d\u00e9finir ensemble.<\/p>\n<p class=\"font-claude-response-body break-words whitespace-normal leading-[1.7]\"><strong>Avantages directs pour l&rsquo;\u00e9tablissement<\/strong> : les \u00e9tablissements partenaires b\u00e9n\u00e9ficient des versions de CoFolio d\u00e8s leur mise en production, en avance sur le d\u00e9ploiement g\u00e9n\u00e9ralis\u00e9, et peuvent faire remonter leurs besoins, notamment via le futur COPIL CoFolio.<\/p>\n<blockquote>\n<p class=\"font-claude-response-body break-words whitespace-normal leading-[1.7]\"><strong>Il est \u00e9galement possible pour un \u00e9tablissement de s&rsquo;engager comme partenaire, en prenant en charge une partie du d\u00e9veloppement de CoFolio, tout en b\u00e9n\u00e9ficiant de ces m\u00eames avantages ou d&rsquo;autres \u00e0 discuter.<\/strong><\/p>\n<\/blockquote>\n<p>Dans tous les cas, la discussion est ouverte, n&rsquo;h\u00e9sitez pas \u00e0 nous <a href=\"https:\/\/avenirs-esr.fr\/cofolio\/nous-suivre-et-nous-contacter\/\">contacter.<\/a><\/p>\n<p>[\/et_pb_toggle][\/et_pb_column][\/et_pb_row][\/et_pb_section][et_pb_section fb_built=\u00a0\u00bb1&Prime; _builder_version=\u00a0\u00bb4.27.5&Prime; _module_preset=\u00a0\u00bbdefault\u00a0\u00bb custom_padding=\u00a0\u00bb19px||24px|||\u00a0\u00bb da_disable_devices=\u00a0\u00bboff|off|off\u00a0\u00bb border_width_top=\u00a0\u00bb1px\u00a0\u00bb border_color_top=\u00a0\u00bbrgba(0,0,0,0.09)\u00a0\u00bb border_width_bottom=\u00a0\u00bb1px\u00a0\u00bb border_color_bottom=\u00a0\u00bbrgba(0,0,0,0.1)\u00a0\u00bb global_module=\u00a0\u00bb68&Prime; saved_tabs=\u00a0\u00bball\u00a0\u00bb global_colors_info=\u00a0\u00bb{}\u00a0\u00bb da_is_popup=\u00a0\u00bboff\u00a0\u00bb da_exit_intent=\u00a0\u00bboff\u00a0\u00bb da_has_close=\u00a0\u00bbon\u00a0\u00bb da_alt_close=\u00a0\u00bboff\u00a0\u00bb da_dark_close=\u00a0\u00bboff\u00a0\u00bb da_not_modal=\u00a0\u00bbon\u00a0\u00bb da_is_singular=\u00a0\u00bboff\u00a0\u00bb da_with_loader=\u00a0\u00bboff\u00a0\u00bb da_has_shadow=\u00a0\u00bbon\u00a0\u00bb][et_pb_row column_structure=\u00a0\u00bb1_5,3_5,1_5&Prime; _builder_version=\u00a0\u00bb4.27.5&Prime; _module_preset=\u00a0\u00bbdefault\u00a0\u00bb max_width=\u00a0\u00bb2560px\u00a0\u00bb custom_margin=\u00a0\u00bb10px||||false|false\u00a0\u00bb custom_padding=\u00a0\u00bb||19px|||\u00a0\u00bb border_width_top=\u00a0\u00bb0px\u00a0\u00bb global_colors_info=\u00a0\u00bb{}\u00a0\u00bb][et_pb_column type=\u00a0\u00bb1_5&Prime; _builder_version=\u00a0\u00bb4.27.5&Prime; _module_preset=\u00a0\u00bbdefault\u00a0\u00bb global_colors_info=\u00a0\u00bb{}\u00a0\u00bb][et_pb_text _builder_version=\u00a0\u00bb4.27.5&Prime; _module_preset=\u00a0\u00bbdefault\u00a0\u00bb global_colors_info=\u00a0\u00bb{}\u00a0\u00bb]<\/p>\n<p><a href=\"https:\/\/avenirs-esr.fr\/cofolio\/wp-content\/uploads\/sites\/5\/2026\/01\/cofolio.svg\"><img decoding=\"async\" src=\"https:\/\/avenirs-esr.fr\/cofolio\/wp-content\/uploads\/sites\/5\/2026\/01\/cofolio.svg\" width=\"undefined\" height=\"undefined\" alt=\"logo CoFolio avec baseline D\u00e9velopper et valoriser les comp\u00e9tences e-portfolio AVENIR(s) ESR\" class=\"wp-image-162 aligncenter size-full\" \/><\/a><\/p>\n<p>[\/et_pb_text][\/et_pb_column][et_pb_column type=\u00a0\u00bb3_5&Prime; _builder_version=\u00a0\u00bb4.27.5&Prime; _module_preset=\u00a0\u00bbdefault\u00a0\u00bb global_colors_info=\u00a0\u00bb{}\u00a0\u00bb][et_pb_text _builder_version=\u00a0\u00bb4.27.5&Prime; _module_preset=\u00a0\u00bbdefault\u00a0\u00bb text_font_size=\u00a0\u00bb12px\u00a0\u00bb text_line_height=\u00a0\u00bb1.6em\u00a0\u00bb custom_margin=\u00a0\u00bb5px|||-14px||\u00a0\u00bb custom_padding=\u00a0\u00bb|27px||27px|false|true\u00a0\u00bb border_color_right=\u00a0\u00bbrgba(0,22,124,0.17)\u00a0\u00bb border_color_left=\u00a0\u00bbrgba(0,22,124,0.17)\u00a0\u00bb global_colors_info=\u00a0\u00bb{}\u00a0\u00bb]<\/p>\n<p><a href=\"https:\/\/avenirs-esr.fr\/cofolio\/wp-content\/uploads\/sites\/5\/2026\/01\/logosAnrFr2030Avenirsv2.png\"><img loading=\"lazy\" decoding=\"async\" src=\"https:\/\/avenirs-esr.fr\/cofolio\/wp-content\/uploads\/sites\/5\/2026\/01\/logosAnrFr2030Avenirsv2-1024x749.png\" width=\"248\" height=\"181\" alt=\"\" class=\"wp-image-160 alignleft size-large\" \/><\/a><a href=\"https:\/\/avenirs-esr.fr\/cofolio\/wp-content\/uploads\/sites\/5\/2026\/01\/logosAnrFr2030Avenis.png\"><\/a>Le d\u00e9veloppement de l&rsquo;application CoFolio a \u00e9t\u00e9 r\u00e9alis\u00e9 dans le cadre du Programme AVENIR(s) France 2030. Ce travail a b\u00e9n\u00e9fici\u00e9 d&rsquo;une aide de l\u2019\u00c9tat g\u00e9r\u00e9e par l&rsquo;Agence Nationale de la Recherche au titre du programme d\u2019investissements d\u2019avenir int\u00e9gr\u00e9 \u00e0 France 2030, portant la r\u00e9f\u00e9rence ANR-21-DMAV-0001<\/p>\n<p>[\/et_pb_text][\/et_pb_column][et_pb_column type=\u00a0\u00bb1_5&Prime; _builder_version=\u00a0\u00bb4.27.5&Prime; _module_preset=\u00a0\u00bbdefault\u00a0\u00bb global_colors_info=\u00a0\u00bb{}\u00a0\u00bb][et_pb_text _builder_version=\u00a0\u00bb4.27.5&Prime; _module_preset=\u00a0\u00bbdefault\u00a0\u00bb text_font_size=\u00a0\u00bb12px\u00a0\u00bb text_line_height=\u00a0\u00bb1.4em\u00a0\u00bb global_colors_info=\u00a0\u00bb{}\u00a0\u00bb]<a href=\"https:\/\/avenirs-esr.fr\/cofolio\/wp-content\/uploads\/sites\/5\/2026\/01\/logo-esup-portail.svg\"><img loading=\"lazy\" decoding=\"async\" src=\"https:\/\/avenirs-esr.fr\/cofolio\/wp-content\/uploads\/sites\/5\/2026\/01\/logo-esup-portail.svg\" width=\"132\" height=\"55\" alt=\"\" class=\"wp-image-67 alignleft size-full\" \/><\/a><\/p>\n<p>&nbsp;<\/p>\n<p>&nbsp;<\/p>\n<p>D\u00e9velopp\u00e9 par l&rsquo;association Esup-portail \u00e0 travers ses membres.<\/p>\n<p>CoFolio sera disponible en offre SAAS \u00e0 partir de 2028.[\/et_pb_text][\/et_pb_column][\/et_pb_row][\/et_pb_section][et_pb_section fb_built=\u00a0\u00bb1&Prime; _builder_version=\u00a0\u00bb4.27.5&Prime; _module_preset=\u00a0\u00bbdefault\u00a0\u00bb custom_padding=\u00a0\u00bb16px||7px|||\u00a0\u00bb da_disable_devices=\u00a0\u00bboff|off|off\u00a0\u00bb global_module=\u00a0\u00bb201&Prime; saved_tabs=\u00a0\u00bball\u00a0\u00bb global_colors_info=\u00a0\u00bb{}\u00a0\u00bb da_is_popup=\u00a0\u00bboff\u00a0\u00bb da_exit_intent=\u00a0\u00bboff\u00a0\u00bb da_has_close=\u00a0\u00bbon\u00a0\u00bb da_alt_close=\u00a0\u00bboff\u00a0\u00bb da_dark_close=\u00a0\u00bboff\u00a0\u00bb da_not_modal=\u00a0\u00bbon\u00a0\u00bb da_is_singular=\u00a0\u00bboff\u00a0\u00bb da_with_loader=\u00a0\u00bboff\u00a0\u00bb da_has_shadow=\u00a0\u00bbon\u00a0\u00bb][et_pb_row _builder_version=\u00a0\u00bb4.27.5&Prime; _module_preset=\u00a0\u00bbdefault\u00a0\u00bb width=\u00a0\u00bb100%\u00a0\u00bb max_width=\u00a0\u00bb2228px\u00a0\u00bb custom_padding=\u00a0\u00bb18px||16px|||\u00a0\u00bb global_colors_info=\u00a0\u00bb{}\u00a0\u00bb][et_pb_column type=\u00a0\u00bb4_4&Prime; _builder_version=\u00a0\u00bb4.27.5&Prime; _module_preset=\u00a0\u00bbdefault\u00a0\u00bb global_colors_info=\u00a0\u00bb{}\u00a0\u00bb][et_pb_text _builder_version=\u00a0\u00bb4.27.5&Prime; _module_preset=\u00a0\u00bbdefault\u00a0\u00bb text_orientation=\u00a0\u00bbcenter\u00a0\u00bb global_colors_info=\u00a0\u00bb{}\u00a0\u00bb]<\/p>\n<p>Site officiel de la solution <strong>e-portfolio CoFolio<\/strong> I Design <strong>USMB<\/strong> 2026\u00a0<\/p>\n<p>[\/et_pb_text][\/et_pb_column][\/et_pb_row][\/et_pb_section]<\/p>\n","protected":false},"excerpt":{"rendered":"<p>Devenir utilisateur et\/ou partenaire de la solution CoFolioL&rsquo;utilisation de CoFolio au sein de votre \u00e9tablissement vous int\u00e9resse ? Vous souhaitez aller plus loin et devenir un partenaire de la solution CoFolio et b\u00e9n\u00e9ficier d&rsquo;avantages ?Comment et quand mon \u00e9tablissement pourra b\u00e9n\u00e9ficier de CoFolio ?CoFolio sera disponible dans sa version compl\u00e8te d\u00e8s octobre 2028 pour tout [&hellip;]<\/p>\n","protected":false},"author":1,"featured_media":0,"parent":0,"menu_order":0,"comment_status":"closed","ping_status":"closed","template":"","meta":{"_et_pb_use_builder":"on","_et_pb_old_content":"","_et_gb_content_width":"","footnotes":""},"class_list":["post-294","page","type-page","status-publish","hentry"],"aioseo_notices":[],"_links":{"self":[{"href":"https:\/\/avenirs-esr.fr\/cofolio\/wp-json\/wp\/v2\/pages\/294","targetHints":{"allow":["GET"]}}],"collection":[{"href":"https:\/\/avenirs-esr.fr\/cofolio\/wp-json\/wp\/v2\/pages"}],"about":[{"href":"https:\/\/avenirs-esr.fr\/cofolio\/wp-json\/wp\/v2\/types\/page"}],"author":[{"embeddable":true,"href":"https:\/\/avenirs-esr.fr\/cofolio\/wp-json\/wp\/v2\/users\/1"}],"replies":[{"embeddable":true,"href":"https:\/\/avenirs-esr.fr\/cofolio\/wp-json\/wp\/v2\/comments?post=294"}],"version-history":[{"count":23,"href":"https:\/\/avenirs-esr.fr\/cofolio\/wp-json\/wp\/v2\/pages\/294\/revisions"}],"predecessor-version":[{"id":1139,"href":"https:\/\/avenirs-esr.fr\/cofolio\/wp-json\/wp\/v2\/pages\/294\/revisions\/1139"}],"wp:attachment":[{"href":"https:\/\/avenirs-esr.fr\/cofolio\/wp-json\/wp\/v2\/media?parent=294"}],"curies":[{"name":"wp","href":"https:\/\/api.w.org\/{rel}","templated":true}]}}