{"id":513,"date":"2026-02-19T10:22:28","date_gmt":"2026-02-19T09:22:28","guid":{"rendered":"https:\/\/avenirs-esr.fr\/cofolio\/?page_id=513"},"modified":"2026-02-23T21:07:14","modified_gmt":"2026-02-23T20:07:14","slug":"integration-dans-lesr-et-selon-affinites","status":"publish","type":"page","link":"https:\/\/avenirs-esr.fr\/cofolio\/decouvrir-la-vision-du-e-portfolio-cofolio-avenirs-esr-et-plus\/integration-dans-lesr-et-selon-affinites\/","title":{"rendered":"Int\u00e9gration dans l&rsquo;ESR et + selon affinit\u00e9s ;)"},"content":{"rendered":"<p>[et_pb_section fb_built=\u00a0\u00bb1&Prime; _builder_version=\u00a0\u00bb4.27.5&Prime; _module_preset=\u00a0\u00bbdefault\u00a0\u00bb background_color=\u00a0\u00bb#f6f8f9&Prime; custom_padding=\u00a0\u00bb30px||32px|||\u00a0\u00bb da_disable_devices=\u00a0\u00bboff|off|off\u00a0\u00bb saved_tabs=\u00a0\u00bball\u00a0\u00bb global_colors_info=\u00a0\u00bb{}\u00a0\u00bb da_is_popup=\u00a0\u00bboff\u00a0\u00bb da_exit_intent=\u00a0\u00bboff\u00a0\u00bb da_has_close=\u00a0\u00bbon\u00a0\u00bb da_alt_close=\u00a0\u00bboff\u00a0\u00bb da_dark_close=\u00a0\u00bboff\u00a0\u00bb da_not_modal=\u00a0\u00bbon\u00a0\u00bb da_is_singular=\u00a0\u00bboff\u00a0\u00bb da_with_loader=\u00a0\u00bboff\u00a0\u00bb da_has_shadow=\u00a0\u00bbon\u00a0\u00bb][et_pb_row use_custom_gutter=\u00a0\u00bbon\u00a0\u00bb gutter_width=\u00a0\u00bb1&Prime; _builder_version=\u00a0\u00bb4.27.5&Prime; _module_preset=\u00a0\u00bbdefault\u00a0\u00bb max_width=\u00a0\u00bb1440px\u00a0\u00bb module_alignment=\u00a0\u00bbcenter\u00a0\u00bb custom_margin=\u00a0\u00bb||||false|false\u00a0\u00bb custom_padding=\u00a0\u00bb||||false|false\u00a0\u00bb hover_enabled=\u00a0\u00bb0&Prime; global_colors_info=\u00a0\u00bb{}\u00a0\u00bb sticky_enabled=\u00a0\u00bb0&Prime;][et_pb_column type=\u00a0\u00bb4_4&Prime; _builder_version=\u00a0\u00bb4.27.5&Prime; _module_preset=\u00a0\u00bbdefault\u00a0\u00bb global_colors_info=\u00a0\u00bb{}\u00a0\u00bb][et_pb_text _builder_version=\u00a0\u00bb4.27.5&Prime; _module_preset=\u00a0\u00bbdefault\u00a0\u00bb text_font=\u00a0\u00bb||||||||\u00a0\u00bb header_font=\u00a0\u00bb|700|||||||\u00a0\u00bb header_line_height=\u00a0\u00bb1.4em\u00a0\u00bb global_colors_info=\u00a0\u00bb{}\u00a0\u00bb]<\/p>\n<h1 style=\"text-align: left;\"><span style=\"color: #333399;\">Int\u00e9gration dans l&rsquo;ESR et + selon affinit\u00e9s <\/span><span style=\"color: #333399;\">\ud83d\ude09<\/span><\/h1>\n<p>[\/et_pb_text][\/et_pb_column][\/et_pb_row][\/et_pb_section][et_pb_section fb_built=\u00a0\u00bb1&Prime; _builder_version=\u00a0\u00bb4.27.5&Prime; _module_preset=\u00a0\u00bbdefault\u00a0\u00bb da_disable_devices=\u00a0\u00bboff|off|off\u00a0\u00bb global_colors_info=\u00a0\u00bb{}\u00a0\u00bb da_is_popup=\u00a0\u00bboff\u00a0\u00bb da_exit_intent=\u00a0\u00bboff\u00a0\u00bb da_has_close=\u00a0\u00bbon\u00a0\u00bb da_alt_close=\u00a0\u00bboff\u00a0\u00bb da_dark_close=\u00a0\u00bboff\u00a0\u00bb da_not_modal=\u00a0\u00bbon\u00a0\u00bb da_is_singular=\u00a0\u00bboff\u00a0\u00bb da_with_loader=\u00a0\u00bboff\u00a0\u00bb da_has_shadow=\u00a0\u00bbon\u00a0\u00bb][et_pb_row _builder_version=\u00a0\u00bb4.27.5&Prime; _module_preset=\u00a0\u00bbdefault\u00a0\u00bb max_width=\u00a0\u00bb1400px\u00a0\u00bb global_colors_info=\u00a0\u00bb{}\u00a0\u00bb][et_pb_column type=\u00a0\u00bb4_4&Prime; _builder_version=\u00a0\u00bb4.27.5&Prime; _module_preset=\u00a0\u00bbdefault\u00a0\u00bb global_colors_info=\u00a0\u00bb{}\u00a0\u00bb][et_pb_text _builder_version=\u00a0\u00bb4.27.5&Prime; _module_preset=\u00a0\u00bbdefault\u00a0\u00bb hover_enabled=\u00a0\u00bb0&Prime; global_colors_info=\u00a0\u00bb{}\u00a0\u00bb sticky_enabled=\u00a0\u00bb0&Prime;]<\/p>\n<p>CoFolio est con\u00e7u pour s\u2019int\u00e9grer harmonieusement dans l\u2019<strong>\u00e9cosyst\u00e8me num\u00e9rique de l\u2019ESR<\/strong>. Un groupe de travail national r\u00e9unit les \u00e9quipes <strong>P\u00e9gase Pc-Scol<\/strong>, <strong>Esup-ORA*<\/strong>, <strong>CoFolio<\/strong> et des experts <strong>Moodle<\/strong>.<\/p>\n<p>Des<strong> API<\/strong> ouvertes seront \u00e9galement propos\u00e9es pour faciliter l\u2019interfa\u00e7age avec d\u2019<strong>autres<\/strong> <strong>SI scolarit\u00e9<\/strong> et outils.<\/p>\n<p><em>(*) ESUP-ORA : Outil open source de mod\u00e9lisation collaborative d\u2019offres de formation par les \u00e9quipes p\u00e9dagogiques en amont du SI Scolarit\u00e9<\/em><\/p>\n<p>[\/et_pb_text][\/et_pb_column][\/et_pb_row][\/et_pb_section][et_pb_section fb_built=\u00a0\u00bb1&Prime; _builder_version=\u00a0\u00bb4.27.5&Prime; _module_preset=\u00a0\u00bbdefault\u00a0\u00bb custom_padding=\u00a0\u00bb19px||24px|||\u00a0\u00bb da_disable_devices=\u00a0\u00bboff|off|off\u00a0\u00bb border_width_top=\u00a0\u00bb1px\u00a0\u00bb border_color_top=\u00a0\u00bbrgba(0,0,0,0.09)\u00a0\u00bb border_width_bottom=\u00a0\u00bb1px\u00a0\u00bb border_color_bottom=\u00a0\u00bbrgba(0,0,0,0.1)\u00a0\u00bb global_module=\u00a0\u00bb68&Prime; saved_tabs=\u00a0\u00bball\u00a0\u00bb global_colors_info=\u00a0\u00bb{}\u00a0\u00bb da_is_popup=\u00a0\u00bboff\u00a0\u00bb da_exit_intent=\u00a0\u00bboff\u00a0\u00bb da_has_close=\u00a0\u00bbon\u00a0\u00bb da_alt_close=\u00a0\u00bboff\u00a0\u00bb da_dark_close=\u00a0\u00bboff\u00a0\u00bb da_not_modal=\u00a0\u00bbon\u00a0\u00bb da_is_singular=\u00a0\u00bboff\u00a0\u00bb da_with_loader=\u00a0\u00bboff\u00a0\u00bb da_has_shadow=\u00a0\u00bbon\u00a0\u00bb][et_pb_row column_structure=\u00a0\u00bb1_5,3_5,1_5&Prime; _builder_version=\u00a0\u00bb4.27.5&Prime; _module_preset=\u00a0\u00bbdefault\u00a0\u00bb max_width=\u00a0\u00bb2560px\u00a0\u00bb custom_margin=\u00a0\u00bb10px||||false|false\u00a0\u00bb custom_padding=\u00a0\u00bb||19px|||\u00a0\u00bb border_width_top=\u00a0\u00bb0px\u00a0\u00bb global_colors_info=\u00a0\u00bb{}\u00a0\u00bb][et_pb_column type=\u00a0\u00bb1_5&Prime; _builder_version=\u00a0\u00bb4.27.5&Prime; _module_preset=\u00a0\u00bbdefault\u00a0\u00bb global_colors_info=\u00a0\u00bb{}\u00a0\u00bb][et_pb_text _builder_version=\u00a0\u00bb4.27.5&Prime; _module_preset=\u00a0\u00bbdefault\u00a0\u00bb global_colors_info=\u00a0\u00bb{}\u00a0\u00bb]<\/p>\n<p><a href=\"https:\/\/avenirs-esr.fr\/cofolio\/wp-content\/uploads\/sites\/5\/2026\/01\/cofolio.svg\"><img decoding=\"async\" src=\"https:\/\/avenirs-esr.fr\/cofolio\/wp-content\/uploads\/sites\/5\/2026\/01\/cofolio.svg\" width=\"undefined\" height=\"undefined\" alt=\"logo CoFolio avec baseline D\u00e9velopper et valoriser les comp\u00e9tences e-portfolio AVENIR(s) ESR\" class=\"wp-image-162 aligncenter size-full\" \/><\/a><\/p>\n<p>[\/et_pb_text][\/et_pb_column][et_pb_column type=\u00a0\u00bb3_5&Prime; _builder_version=\u00a0\u00bb4.27.5&Prime; _module_preset=\u00a0\u00bbdefault\u00a0\u00bb global_colors_info=\u00a0\u00bb{}\u00a0\u00bb][et_pb_text _builder_version=\u00a0\u00bb4.27.5&Prime; _module_preset=\u00a0\u00bbdefault\u00a0\u00bb global_colors_info=\u00a0\u00bb{}\u00a0\u00bb]<\/p>\n<h2>Onglet \u00ab\u00a0Mes outils\u00a0\u00bb\u00a0<\/h2>\n<p>[\/et_pb_text][et_pb_text _builder_version=\u00a0\u00bb4.27.5&Prime; _module_preset=\u00a0\u00bbdefault\u00a0\u00bb text_font_size=\u00a0\u00bb12px\u00a0\u00bb text_line_height=\u00a0\u00bb1.6em\u00a0\u00bb custom_margin=\u00a0\u00bb5px|||-14px||\u00a0\u00bb custom_padding=\u00a0\u00bb|27px||27px|false|true\u00a0\u00bb border_color_right=\u00a0\u00bbrgba(0,22,124,0.17)\u00a0\u00bb border_color_left=\u00a0\u00bbrgba(0,22,124,0.17)\u00a0\u00bb global_colors_info=\u00a0\u00bb{}\u00a0\u00bb]<\/p>\n<p><a href=\"https:\/\/avenirs-esr.fr\/cofolio\/wp-content\/uploads\/sites\/5\/2026\/01\/logosAnrFr2030Avenirsv2.png\"><img loading=\"lazy\" decoding=\"async\" src=\"https:\/\/avenirs-esr.fr\/cofolio\/wp-content\/uploads\/sites\/5\/2026\/01\/logosAnrFr2030Avenirsv2-1024x749.png\" width=\"248\" height=\"181\" alt=\"\" class=\"wp-image-160 alignleft size-large\" \/><\/a><a href=\"https:\/\/avenirs-esr.fr\/cofolio\/wp-content\/uploads\/sites\/5\/2026\/01\/logosAnrFr2030Avenis.png\"><\/a>Le d\u00e9veloppement de l&rsquo;application CoFolio a \u00e9t\u00e9 r\u00e9alis\u00e9 dans le cadre du Programme AVENIR(s) France 2030. Ce travail a b\u00e9n\u00e9fici\u00e9 d&rsquo;une aide de l\u2019\u00c9tat g\u00e9r\u00e9e par l&rsquo;Agence Nationale de la Recherche au titre du programme d\u2019investissements d\u2019avenir int\u00e9gr\u00e9 \u00e0 France 2030, portant la r\u00e9f\u00e9rence ANR-21-DMAV-0001<\/p>\n<p>[\/et_pb_text][\/et_pb_column][et_pb_column type=\u00a0\u00bb1_5&Prime; _builder_version=\u00a0\u00bb4.27.5&Prime; _module_preset=\u00a0\u00bbdefault\u00a0\u00bb global_colors_info=\u00a0\u00bb{}\u00a0\u00bb][et_pb_text _builder_version=\u00a0\u00bb4.27.5&Prime; _module_preset=\u00a0\u00bbdefault\u00a0\u00bb text_font_size=\u00a0\u00bb12px\u00a0\u00bb text_line_height=\u00a0\u00bb1.4em\u00a0\u00bb global_colors_info=\u00a0\u00bb{}\u00a0\u00bb]<a href=\"https:\/\/avenirs-esr.fr\/cofolio\/wp-content\/uploads\/sites\/5\/2026\/01\/logo-esup-portail.svg\"><img loading=\"lazy\" decoding=\"async\" src=\"https:\/\/avenirs-esr.fr\/cofolio\/wp-content\/uploads\/sites\/5\/2026\/01\/logo-esup-portail.svg\" width=\"132\" height=\"55\" alt=\"\" class=\"wp-image-67 alignleft size-full\" \/><\/a><\/p>\n<p>&nbsp;<\/p>\n<p>&nbsp;<\/p>\n<p>D\u00e9velopp\u00e9 par l&rsquo;association Esup-portail \u00e0 travers ses membres.<\/p>\n<p>CoFolio sera disponible en offre SAAS \u00e0 partir de 2028.[\/et_pb_text][\/et_pb_column][\/et_pb_row][\/et_pb_section][et_pb_section fb_built=\u00a0\u00bb1&Prime; _builder_version=\u00a0\u00bb4.27.5&Prime; _module_preset=\u00a0\u00bbdefault\u00a0\u00bb custom_padding=\u00a0\u00bb16px||7px|||\u00a0\u00bb da_disable_devices=\u00a0\u00bboff|off|off\u00a0\u00bb global_module=\u00a0\u00bb201&Prime; saved_tabs=\u00a0\u00bball\u00a0\u00bb global_colors_info=\u00a0\u00bb{}\u00a0\u00bb da_is_popup=\u00a0\u00bboff\u00a0\u00bb da_exit_intent=\u00a0\u00bboff\u00a0\u00bb da_has_close=\u00a0\u00bbon\u00a0\u00bb da_alt_close=\u00a0\u00bboff\u00a0\u00bb da_dark_close=\u00a0\u00bboff\u00a0\u00bb da_not_modal=\u00a0\u00bbon\u00a0\u00bb da_is_singular=\u00a0\u00bboff\u00a0\u00bb da_with_loader=\u00a0\u00bboff\u00a0\u00bb da_has_shadow=\u00a0\u00bbon\u00a0\u00bb][et_pb_row _builder_version=\u00a0\u00bb4.27.5&Prime; _module_preset=\u00a0\u00bbdefault\u00a0\u00bb width=\u00a0\u00bb100%\u00a0\u00bb max_width=\u00a0\u00bb2228px\u00a0\u00bb custom_padding=\u00a0\u00bb18px||16px|||\u00a0\u00bb global_colors_info=\u00a0\u00bb{}\u00a0\u00bb][et_pb_column type=\u00a0\u00bb4_4&Prime; _builder_version=\u00a0\u00bb4.27.5&Prime; _module_preset=\u00a0\u00bbdefault\u00a0\u00bb global_colors_info=\u00a0\u00bb{}\u00a0\u00bb][et_pb_text _builder_version=\u00a0\u00bb4.27.5&Prime; _module_preset=\u00a0\u00bbdefault\u00a0\u00bb text_orientation=\u00a0\u00bbcenter\u00a0\u00bb global_colors_info=\u00a0\u00bb{}\u00a0\u00bb]<\/p>\n<p>Site officiel de la solution <strong>e-portfolio CoFolio<\/strong> I Design <strong>USMB<\/strong> 2026\u00a0<\/p>\n<p>[\/et_pb_text][\/et_pb_column][\/et_pb_row][\/et_pb_section]<\/p>\n","protected":false},"excerpt":{"rendered":"<p>Int\u00e9gration dans l&rsquo;ESR et + selon affinit\u00e9s ;)CoFolio est con\u00e7u pour s\u2019int\u00e9grer harmonieusement dans l\u2019\u00e9cosyst\u00e8me num\u00e9rique de l\u2019ESR. Un groupe de travail national r\u00e9unit les \u00e9quipes P\u00e9gase Pc-Scol, Esup-ORA*, CoFolio et des experts Moodle. Des API ouvertes seront \u00e9galement propos\u00e9es pour faciliter l\u2019interfa\u00e7age avec d\u2019autres SI scolarit\u00e9 et outils. (*) ESUP-ORA : Outil open source [&hellip;]<\/p>\n","protected":false},"author":9,"featured_media":0,"parent":285,"menu_order":0,"comment_status":"closed","ping_status":"closed","template":"","meta":{"_et_pb_use_builder":"on","_et_pb_old_content":"","_et_gb_content_width":"","footnotes":""},"class_list":["post-513","page","type-page","status-publish","hentry"],"aioseo_notices":[],"_links":{"self":[{"href":"https:\/\/avenirs-esr.fr\/cofolio\/wp-json\/wp\/v2\/pages\/513","targetHints":{"allow":["GET"]}}],"collection":[{"href":"https:\/\/avenirs-esr.fr\/cofolio\/wp-json\/wp\/v2\/pages"}],"about":[{"href":"https:\/\/avenirs-esr.fr\/cofolio\/wp-json\/wp\/v2\/types\/page"}],"author":[{"embeddable":true,"href":"https:\/\/avenirs-esr.fr\/cofolio\/wp-json\/wp\/v2\/users\/9"}],"replies":[{"embeddable":true,"href":"https:\/\/avenirs-esr.fr\/cofolio\/wp-json\/wp\/v2\/comments?post=513"}],"version-history":[{"count":19,"href":"https:\/\/avenirs-esr.fr\/cofolio\/wp-json\/wp\/v2\/pages\/513\/revisions"}],"predecessor-version":[{"id":881,"href":"https:\/\/avenirs-esr.fr\/cofolio\/wp-json\/wp\/v2\/pages\/513\/revisions\/881"}],"up":[{"embeddable":true,"href":"https:\/\/avenirs-esr.fr\/cofolio\/wp-json\/wp\/v2\/pages\/285"}],"wp:attachment":[{"href":"https:\/\/avenirs-esr.fr\/cofolio\/wp-json\/wp\/v2\/media?parent=513"}],"curies":[{"name":"wp","href":"https:\/\/api.w.org\/{rel}","templated":true}]}}